{"id":213,"date":"2023-12-13T15:26:29","date_gmt":"2023-12-13T15:26:29","guid":{"rendered":"https:\/\/raluxsolar.com\/2023\/?page_id=213"},"modified":"2024-08-01T17:06:23","modified_gmt":"2024-08-01T17:06:23","slug":"cubiertas-inclinadas","status":"publish","type":"page","link":"https:\/\/raluxsolar.com\/2023\/es\/sistemas-de-montaje\/cubiertas-inclinadas\/","title":{"rendered":"Cubiertas inclinadas"},"content":{"rendered":"\n<div class=\"wp-block-cover alignfull is-light editorskit-no-desktop\" style=\"min-height:503px;aspect-ratio:unset;\"><span aria-hidden=\"true\" class=\"wp-block-cover__background has-background-dim-0 has-background-dim has-background-gradient\" style=\"background:linear-gradient(80deg,rgb(255,255,255) 39%,rgba(255,255,255,0) 39%)\"><\/span><img loading=\"lazy\" decoding=\"async\" width=\"1920\" height=\"1080\" class=\"wp-block-cover__image-background wp-image-2453\" alt=\"\" src=\"https:\/\/raluxsolar.com\/2023\/wp-content\/uploads\/2024\/02\/CUBIERTAS-INCLINADAS.jpg\" data-object-fit=\"cover\" srcset=\"https:\/\/raluxsolar.com\/2023\/wp-content\/uploads\/2024\/02\/CUBIERTAS-INCLINADAS.jpg 1920w, https:\/\/raluxsolar.com\/2023\/wp-content\/uploads\/2024\/02\/CUBIERTAS-INCLINADAS-300x169.jpg 300w, https:\/\/raluxsolar.com\/2023\/wp-content\/uploads\/2024\/02\/CUBIERTAS-INCLINADAS-1024x576.jpg 1024w, https:\/\/raluxsolar.com\/2023\/wp-content\/uploads\/2024\/02\/CUBIERTAS-INCLINADAS-768x432.jpg 768w, https:\/\/raluxsolar.com\/2023\/wp-content\/uploads\/2024\/02\/CUBIERTAS-INCLINADAS-1536x864.jpg 1536w\" sizes=\"auto, (max-width: 1920px) 100vw, 1920px\" \/><div class=\"wp-block-cover__inner-container is-layout-constrained wp-block-cover-is-layout-constrained\">\n<div class=\"wp-block-columns alignfull are-vertically-aligned-center is-layout-flex wp-container-core-columns-is-layout-9d6595d7 wp-block-columns-is-layout-flex\">\n<div class=\"wp-block-column is-layout-flow wp-block-column-is-layout-flow\" style=\"flex-basis:5%\"><\/div>\n\n\n\n<div class=\"wp-block-column is-vertically-aligned-center is-layout-flow wp-block-column-is-layout-flow\" style=\"flex-basis:22.22%\">\n<div style=\"height:30px;width:0px\" aria-hidden=\"true\" class=\"wp-block-spacer\"><\/div>\n\n\n\n<div class=\"wp-block-cover\"><span aria-hidden=\"true\" class=\"wp-block-cover__background has-nv-site-bg-background-color has-background-dim-80 has-background-dim\"><\/span><div class=\"wp-block-cover__inner-container is-layout-constrained wp-block-cover-is-layout-constrained\">\n<div class=\"wp-block-group wp-container-content-9cfa9a5a is-vertical is-content-justification-left is-layout-flex wp-container-core-group-is-layout-39bd3aca wp-block-group-is-layout-flex\">\n<p class=\"has-neve-text-color-color has-text-color\" style=\"font-size:40px;font-style:normal;font-weight:700;letter-spacing:-2px;line-height:0.8;text-transform:uppercase\"><strong>MONTAJE eN<\/strong><\/p>\n\n\n\n<p class=\"has-text-align-left has-neve-text-color-color has-text-color\" style=\"font-size:60px;font-style:normal;font-weight:700;letter-spacing:-2px;line-height:0.8;text-transform:uppercase\"><strong>CUBIERTAS <\/strong><\/p>\n\n\n\n<p class=\"has-text-align-left has-neve-text-color-color has-text-color\" style=\"font-size:62px;font-style:normal;font-weight:700;letter-spacing:-2px;line-height:0.8;text-transform:uppercase\"><strong>PLANO<\/strong><\/p>\n\n\n<div class=\"wp-block-image\">\n<figure class=\"aligncenter size-full is-resized\"><img loading=\"lazy\" decoding=\"async\" width=\"400\" height=\"90\" src=\"https:\/\/raluxsolar.com\/2023\/wp-content\/uploads\/2024\/02\/certificaiones.png\" alt=\"\" class=\"wp-image-2308\" style=\"width:253px;height:auto\" srcset=\"https:\/\/raluxsolar.com\/2023\/wp-content\/uploads\/2024\/02\/certificaiones.png 400w, https:\/\/raluxsolar.com\/2023\/wp-content\/uploads\/2024\/02\/certificaiones-300x68.png 300w\" sizes=\"auto, (max-width: 400px) 100vw, 400px\" \/><\/figure>\n<\/div>\n\n\n<div style=\"height:0px;width:0px\" aria-hidden=\"true\" class=\"wp-block-spacer wp-container-content-cf2db169\"><\/div>\n\n\n\n<div class=\"wp-block-buttons is-layout-flex wp-block-buttons-is-layout-flex\">\n<div class=\"wp-block-button is-style-primary\"><a class=\"wp-block-button__link wp-element-button\" href=\"https:\/\/raluxsolar.com\/2023\/sistemas-de-montaje\/\">DESCARGAR CAT\u00c1LOGO \u2192<\/a><\/div>\n<\/div>\n<\/div>\n<\/div><\/div>\n<\/div>\n\n\n\n<div class=\"wp-block-column is-vertically-aligned-center is-layout-flow wp-block-column-is-layout-flow\" style=\"flex-basis:44.45%\"><\/div>\n<\/div>\n<\/div><\/div>\n\n\n\n<div class=\"wp-block-cover alignfull is-light editorskit-no-desktop\" style=\"min-height:503px;aspect-ratio:unset;\"><span aria-hidden=\"true\" class=\"wp-block-cover__background has-background-dim-0 has-background-dim has-background-gradient\" style=\"background:linear-gradient(80deg,rgb(255,255,255) 39%,rgba(255,255,255,0) 39%)\"><\/span><img loading=\"lazy\" decoding=\"async\" width=\"1920\" height=\"1080\" class=\"wp-block-cover__image-background wp-image-2453\" alt=\"\" src=\"https:\/\/raluxsolar.com\/2023\/wp-content\/uploads\/2024\/02\/CUBIERTAS-INCLINADAS.jpg\" data-object-fit=\"cover\" srcset=\"https:\/\/raluxsolar.com\/2023\/wp-content\/uploads\/2024\/02\/CUBIERTAS-INCLINADAS.jpg 1920w, https:\/\/raluxsolar.com\/2023\/wp-content\/uploads\/2024\/02\/CUBIERTAS-INCLINADAS-300x169.jpg 300w, https:\/\/raluxsolar.com\/2023\/wp-content\/uploads\/2024\/02\/CUBIERTAS-INCLINADAS-1024x576.jpg 1024w, https:\/\/raluxsolar.com\/2023\/wp-content\/uploads\/2024\/02\/CUBIERTAS-INCLINADAS-768x432.jpg 768w, https:\/\/raluxsolar.com\/2023\/wp-content\/uploads\/2024\/02\/CUBIERTAS-INCLINADAS-1536x864.jpg 1536w\" sizes=\"auto, (max-width: 1920px) 100vw, 1920px\" \/><div class=\"wp-block-cover__inner-container is-layout-constrained wp-block-cover-is-layout-constrained\">\n<div class=\"wp-block-columns alignfull are-vertically-aligned-center is-layout-flex wp-container-core-columns-is-layout-9d6595d7 wp-block-columns-is-layout-flex\">\n<div class=\"wp-block-column is-layout-flow wp-block-column-is-layout-flow\" style=\"flex-basis:5%\"><\/div>\n\n\n\n<div class=\"wp-block-column is-vertically-aligned-center is-layout-flow wp-block-column-is-layout-flow\" style=\"flex-basis:22.22%\">\n<div style=\"height:30px;width:0px\" aria-hidden=\"true\" class=\"wp-block-spacer\"><\/div>\n\n\n\n<div class=\"wp-block-cover\"><span aria-hidden=\"true\" class=\"wp-block-cover__background has-nv-site-bg-background-color has-background-dim-80 has-background-dim\"><\/span><div class=\"wp-block-cover__inner-container is-layout-constrained wp-block-cover-is-layout-constrained\">\n<div class=\"wp-block-group is-layout-flex wp-container-core-group-is-layout-87ee99ac wp-block-group-is-layout-flex\">\n<div class=\"wp-block-group wp-container-content-9cfa9a5a is-vertical is-content-justification-left is-layout-flex wp-container-core-group-is-layout-39bd3aca wp-block-group-is-layout-flex\">\n<p class=\"has-neve-text-color-color has-text-color\" style=\"font-size:40px;font-style:normal;font-weight:700;letter-spacing:-2px;line-height:0.8;text-transform:uppercase\"><strong>MONTAJE eN<\/strong><\/p>\n\n\n\n<p class=\"has-text-align-left has-neve-text-color-color has-text-color\" style=\"font-size:60px;font-style:normal;font-weight:700;letter-spacing:-2px;line-height:0.8;text-transform:uppercase\"><strong>CUBIERTAS <\/strong><\/p>\n\n\n\n<p class=\"has-text-align-left has-neve-text-color-color has-text-color\" style=\"font-size:62px;font-style:normal;font-weight:700;letter-spacing:-2px;line-height:0.8;text-transform:uppercase\"><strong>PLANO<\/strong><\/p>\n\n\n<div class=\"wp-block-image\">\n<figure class=\"aligncenter size-full is-resized\"><img loading=\"lazy\" decoding=\"async\" width=\"400\" height=\"90\" src=\"https:\/\/raluxsolar.com\/2023\/wp-content\/uploads\/2024\/02\/certificaiones.png\" alt=\"\" class=\"wp-image-2308\" style=\"width:253px;height:auto\" srcset=\"https:\/\/raluxsolar.com\/2023\/wp-content\/uploads\/2024\/02\/certificaiones.png 400w, https:\/\/raluxsolar.com\/2023\/wp-content\/uploads\/2024\/02\/certificaiones-300x68.png 300w\" sizes=\"auto, (max-width: 400px) 100vw, 400px\" \/><\/figure>\n<\/div>\n\n\n<div style=\"height:0px;width:0px\" aria-hidden=\"true\" class=\"wp-block-spacer wp-container-content-cf2db169\"><\/div>\n\n\n\n<div class=\"wp-block-buttons is-layout-flex wp-block-buttons-is-layout-flex\">\n<div class=\"wp-block-button is-style-primary\"><a class=\"wp-block-button__link wp-element-button\" href=\"https:\/\/raluxsolar.com\/2023\/sistemas-de-montaje\/\">DESCARGAR CAT\u00c1LOGO \u2192<\/a><\/div>\n<\/div>\n<\/div>\n<\/div>\n<\/div><\/div>\n<\/div>\n\n\n\n<div class=\"wp-block-column is-vertically-aligned-center is-layout-flow wp-block-column-is-layout-flow\" style=\"flex-basis:44.45%\"><\/div>\n<\/div>\n<\/div><\/div>\n\n\n\n<div class=\"wp-block-cover alignfull editorskit-no-tablet editorskit-no-mobile\" style=\"min-height:503px;aspect-ratio:unset;\"><span aria-hidden=\"true\" class=\"wp-block-cover__background has-background-dim-90 has-background-dim wp-block-cover__gradient-background has-background-gradient\" style=\"background:linear-gradient(80deg,rgb(255,255,255) 39%,rgba(255,255,255,0) 39%)\"><\/span><img loading=\"lazy\" decoding=\"async\" width=\"1920\" height=\"1080\" class=\"wp-block-cover__image-background wp-image-2453\" alt=\"\" src=\"https:\/\/raluxsolar.com\/2023\/wp-content\/uploads\/2024\/02\/CUBIERTAS-INCLINADAS.jpg\" data-object-fit=\"cover\" srcset=\"https:\/\/raluxsolar.com\/2023\/wp-content\/uploads\/2024\/02\/CUBIERTAS-INCLINADAS.jpg 1920w, https:\/\/raluxsolar.com\/2023\/wp-content\/uploads\/2024\/02\/CUBIERTAS-INCLINADAS-300x169.jpg 300w, https:\/\/raluxsolar.com\/2023\/wp-content\/uploads\/2024\/02\/CUBIERTAS-INCLINADAS-1024x576.jpg 1024w, https:\/\/raluxsolar.com\/2023\/wp-content\/uploads\/2024\/02\/CUBIERTAS-INCLINADAS-768x432.jpg 768w, https:\/\/raluxsolar.com\/2023\/wp-content\/uploads\/2024\/02\/CUBIERTAS-INCLINADAS-1536x864.jpg 1536w\" sizes=\"auto, (max-width: 1920px) 100vw, 1920px\" \/><div class=\"wp-block-cover__inner-container is-layout-constrained wp-block-cover-is-layout-constrained\">\n<div class=\"wp-block-columns alignfull are-vertically-aligned-center is-layout-flex wp-container-core-columns-is-layout-9d6595d7 wp-block-columns-is-layout-flex\">\n<div class=\"wp-block-column is-layout-flow wp-block-column-is-layout-flow\" style=\"flex-basis:5%\"><\/div>\n\n\n\n<div class=\"wp-block-column is-vertically-aligned-center is-layout-flow wp-block-column-is-layout-flow\" style=\"flex-basis:22.22%\">\n<div style=\"height:30px;width:0px\" aria-hidden=\"true\" class=\"wp-block-spacer\"><\/div>\n\n\n\n<div class=\"wp-block-group is-layout-flex wp-container-core-group-is-layout-87ee99ac wp-block-group-is-layout-flex\">\n<div class=\"wp-block-group wp-container-content-9cfa9a5a is-vertical is-content-justification-left is-layout-flex wp-container-core-group-is-layout-39bd3aca wp-block-group-is-layout-flex\">\n<p class=\"has-neve-text-color-color has-text-color\" style=\"font-size:40px;font-style:normal;font-weight:700;letter-spacing:-2px;line-height:0.8;text-transform:uppercase\"><strong>MONTAJE eN<\/strong><\/p>\n\n\n\n<p class=\"has-text-align-left has-neve-text-color-color has-text-color\" style=\"font-size:60px;font-style:normal;font-weight:700;letter-spacing:-2px;line-height:0.8;text-transform:uppercase\"><strong>TECHO <\/strong><\/p>\n\n\n\n<p class=\"has-text-align-left has-neve-text-color-color has-text-color\" style=\"font-size:62px;font-style:normal;font-weight:700;letter-spacing:-2px;line-height:0.8;text-transform:uppercase\"><strong>PLANO<\/strong><\/p>\n\n\n<div class=\"wp-block-image\">\n<figure class=\"aligncenter size-full is-resized\"><img loading=\"lazy\" decoding=\"async\" width=\"400\" height=\"90\" src=\"https:\/\/raluxsolar.com\/2023\/wp-content\/uploads\/2024\/02\/certificaiones.png\" alt=\"\" class=\"wp-image-2308\" style=\"width:253px;height:auto\" srcset=\"https:\/\/raluxsolar.com\/2023\/wp-content\/uploads\/2024\/02\/certificaiones.png 400w, https:\/\/raluxsolar.com\/2023\/wp-content\/uploads\/2024\/02\/certificaiones-300x68.png 300w\" sizes=\"auto, (max-width: 400px) 100vw, 400px\" \/><\/figure>\n<\/div>\n\n\n<div style=\"height:0px;width:0px\" aria-hidden=\"true\" class=\"wp-block-spacer wp-container-content-cf2db169\"><\/div>\n\n\n\n<div class=\"wp-block-buttons is-layout-flex wp-block-buttons-is-layout-flex\">\n<div class=\"wp-block-button is-style-primary\"><a class=\"wp-block-button__link wp-element-button\" href=\"https:\/\/raluxsolar.com\/2023\/sistemas-de-montaje\/\">DESCARGAR CAT\u00c1LOGO \u2192<\/a><\/div>\n<\/div>\n<\/div>\n<\/div>\n<\/div>\n\n\n\n<div class=\"wp-block-column is-vertically-aligned-center is-layout-flow wp-block-column-is-layout-flow\" style=\"flex-basis:44.45%\"><\/div>\n<\/div>\n<\/div><\/div>\n\n\n\n<div class=\"wp-block-cover alignfull is-light has-parallax\" style=\"min-height:450px;aspect-ratio:unset;\"><span aria-hidden=\"true\" class=\"wp-block-cover__background has-background-dim-80 has-background-dim\" style=\"background-color:#f2f2f2\"><\/span><div class=\"wp-block-cover__image-background wp-image-2091 has-parallax\" style=\"background-position:50% 50%;background-image:url(https:\/\/raluxsolar.com\/2023\/wp-content\/uploads\/2024\/02\/instalacion-en-teja-metalica-ralux.jpg)\"><\/div><div class=\"wp-block-cover__inner-container is-layout-constrained wp-block-cover-is-layout-constrained\">\n<div style=\"height:30px\" aria-hidden=\"true\" class=\"wp-block-spacer\"><\/div>\n\n\n\n<div class=\"wp-block-columns alignwide are-vertically-aligned-top is-layout-flex wp-container-core-columns-is-layout-9d6595d7 wp-block-columns-is-layout-flex\">\n<div class=\"wp-block-column is-vertically-aligned-top button_slide slide_left coblocks-animate is-layout-flow wp-block-column-is-layout-flow\" data-coblocks-animation=\"slideInLeft\">\n<div class=\"wp-block-cover\"><span aria-hidden=\"true\" class=\"wp-block-cover__background has-nv-site-bg-background-color has-background-dim-80 has-background-dim\"><\/span><div class=\"wp-block-cover__inner-container is-layout-constrained wp-block-cover-is-layout-constrained\">\n<div class=\"wp-block-group is-vertical is-layout-flex wp-container-core-group-is-layout-8cf370e7 wp-block-group-is-layout-flex\">\n<p class=\"has-neve-link-color-color has-text-color has-link-color has-medium-font-size wp-elements-8bac259d2eafb8531c0a719e606dd828\" style=\"font-style:normal;font-weight:400\">CUBIERTAS<\/p>\n\n\n\n<h2 class=\"wp-block-heading alignwide has-text-align-left has-neve-text-color-color has-text-color has-link-color has-x-large-font-size wp-elements-24b022ae213b835eb736c8d9084afd6d\" style=\"font-style:normal;font-weight:700\">MICRORAIL<\/h2>\n\n\n\n<figure class=\"wp-block-image size-full is-resized\"><img loading=\"lazy\" decoding=\"async\" width=\"907\" height=\"200\" src=\"https:\/\/raluxsolar.com\/2023\/wp-content\/uploads\/2024\/02\/atributos-sistema-CUBIERTAS-INCLINADAS-ralux-solar.png\" alt=\"\" class=\"wp-image-2601\" style=\"width:auto;height:45px\" srcset=\"https:\/\/raluxsolar.com\/2023\/wp-content\/uploads\/2024\/02\/atributos-sistema-CUBIERTAS-INCLINADAS-ralux-solar.png 907w, https:\/\/raluxsolar.com\/2023\/wp-content\/uploads\/2024\/02\/atributos-sistema-CUBIERTAS-INCLINADAS-ralux-solar-300x66.png 300w, https:\/\/raluxsolar.com\/2023\/wp-content\/uploads\/2024\/02\/atributos-sistema-CUBIERTAS-INCLINADAS-ralux-solar-768x169.png 768w\" sizes=\"auto, (max-width: 907px) 100vw, 907px\" \/><\/figure>\n\n\n\n<figure class=\"wp-block-image size-full\"><img loading=\"lazy\" decoding=\"async\" width=\"1920\" height=\"1080\" src=\"https:\/\/raluxsolar.com\/2023\/wp-content\/uploads\/2024\/02\/microrail.png\" alt=\"\" class=\"wp-image-2467\" style=\"object-fit:cover\" srcset=\"https:\/\/raluxsolar.com\/2023\/wp-content\/uploads\/2024\/02\/microrail.png 1920w, https:\/\/raluxsolar.com\/2023\/wp-content\/uploads\/2024\/02\/microrail-300x169.png 300w, https:\/\/raluxsolar.com\/2023\/wp-content\/uploads\/2024\/02\/microrail-1024x576.png 1024w, https:\/\/raluxsolar.com\/2023\/wp-content\/uploads\/2024\/02\/microrail-768x432.png 768w, https:\/\/raluxsolar.com\/2023\/wp-content\/uploads\/2024\/02\/microrail-1536x864.png 1536w\" sizes=\"auto, (max-width: 1920px) 100vw, 1920px\" \/><\/figure>\n\n\n\n<p class=\"has-text-align-left has-neve-text-color-color has-text-color has-link-color wp-elements-85313807af064db642ec31631b8e49f2\"><strong>El Micro Rail es la soluci\u00f3n ideal para instalaciones en l\u00e1mina trapezoidal con una distancia cercana entre las crestas. De hecho, este sistema se fija directamente a la cubierta del techo, reduciendo al m\u00e1ximo los componentes \u00fatiles y haciendo que la instalaci\u00f3n de todo el sistema sea muy pr\u00e1ctica y r\u00e1pida. Los componentes han sido concebidos y dise\u00f1ados optimizando al m\u00e1ximo las dimensiones, haci\u00e9ndolos f\u00e1ciles de mover y cargar con la consecuencia de obtener un fuerte ahorro econ\u00f3mico para el transporte y la mano de obra.<\/strong><\/p>\n<\/div>\n\n\n\n<div class=\"wp-block-buttons is-content-justification-right is-layout-flex wp-container-core-buttons-is-layout-765c4724 wp-block-buttons-is-layout-flex\">\n<div class=\"wp-block-button is-style-secondary\"><a class=\"wp-block-button__link wp-element-button\" href=\"https:\/\/raluxsolar.com\/2023\/es\/microrail\/\">EXPLORA \u2192<\/a><\/div>\n<\/div>\n<\/div><\/div>\n<\/div>\n\n\n\n<div class=\"wp-block-column is-vertically-aligned-top button_slide slide_right coblocks-animate is-layout-flow wp-block-column-is-layout-flow\" data-coblocks-animation=\"slideInRight\">\n<div class=\"wp-block-cover\"><span aria-hidden=\"true\" class=\"wp-block-cover__background has-nv-site-bg-background-color has-background-dim-80 has-background-dim\"><\/span><div class=\"wp-block-cover__inner-container is-layout-constrained wp-block-cover-is-layout-constrained\">\n<div class=\"wp-block-group is-vertical is-layout-flex wp-container-core-group-is-layout-8cf370e7 wp-block-group-is-layout-flex\">\n<p class=\"has-neve-link-color-color has-text-color has-link-color has-medium-font-size wp-elements-8bac259d2eafb8531c0a719e606dd828\" style=\"font-style:normal;font-weight:400\">CUBIERTAS<\/p>\n\n\n\n<h2 class=\"wp-block-heading has-text-align-left has-neve-text-color-color has-text-color has-link-color has-x-large-font-size wp-elements-2d6fda820c65d3fc1173d12a76a12de6\" style=\"font-style:normal;font-weight:700\">MINIRAIL<\/h2>\n\n\n\n<figure class=\"wp-block-image size-full is-resized\"><img loading=\"lazy\" decoding=\"async\" width=\"907\" height=\"200\" src=\"https:\/\/raluxsolar.com\/2023\/wp-content\/uploads\/2024\/02\/atributos-sistema-CUBIERTAS-INCLINADAS-ralux-solar.png\" alt=\"\" class=\"wp-image-2601\" style=\"width:auto;height:45px\" srcset=\"https:\/\/raluxsolar.com\/2023\/wp-content\/uploads\/2024\/02\/atributos-sistema-CUBIERTAS-INCLINADAS-ralux-solar.png 907w, https:\/\/raluxsolar.com\/2023\/wp-content\/uploads\/2024\/02\/atributos-sistema-CUBIERTAS-INCLINADAS-ralux-solar-300x66.png 300w, https:\/\/raluxsolar.com\/2023\/wp-content\/uploads\/2024\/02\/atributos-sistema-CUBIERTAS-INCLINADAS-ralux-solar-768x169.png 768w\" sizes=\"auto, (max-width: 907px) 100vw, 907px\" \/><\/figure>\n\n\n\n<figure class=\"wp-block-image size-large\"><img loading=\"lazy\" decoding=\"async\" width=\"1024\" height=\"576\" src=\"https:\/\/raluxsolar.com\/2023\/wp-content\/uploads\/2024\/02\/minirail-1024x576.png\" alt=\"\" class=\"wp-image-2470\" srcset=\"https:\/\/raluxsolar.com\/2023\/wp-content\/uploads\/2024\/02\/minirail-1024x576.png 1024w, https:\/\/raluxsolar.com\/2023\/wp-content\/uploads\/2024\/02\/minirail-300x169.png 300w, https:\/\/raluxsolar.com\/2023\/wp-content\/uploads\/2024\/02\/minirail-768x432.png 768w, https:\/\/raluxsolar.com\/2023\/wp-content\/uploads\/2024\/02\/minirail-1536x864.png 1536w, https:\/\/raluxsolar.com\/2023\/wp-content\/uploads\/2024\/02\/minirail.png 1920w\" sizes=\"auto, (max-width: 1024px) 100vw, 1024px\" \/><\/figure>\n\n\n\n<p class=\"has-text-align-left has-neve-text-color-color has-text-color has-link-color wp-elements-c7cd3e3e275b94f709c8ceb9ec96f9a0\"><strong>El Mini Rail es la soluci\u00f3n para instalaciones sobre chapa corrugada que se fija directamente al revestimiento de la tapa mediante remaches o tornillos con arandela EPDM. La impermeabilidad del techo est\u00e1 garantizada por el uso gracias a una membrana de EPDM fijada en la base de los perfiles. El sistema de mini riel tambi\u00e9n se puede utilizar con expansiones que le permiten inclinar el panel hasta 8 \u00b0<\/strong><\/p>\n<\/div>\n\n\n\n<div class=\"wp-block-buttons is-content-justification-right is-layout-flex wp-container-core-buttons-is-layout-765c4724 wp-block-buttons-is-layout-flex\">\n<div class=\"wp-block-button is-style-secondary\"><a class=\"wp-block-button__link wp-element-button\" href=\"https:\/\/raluxsolar.com\/2023\/es\/minirail\/\">EXPLORA \u2192<\/a><\/div>\n<\/div>\n<\/div><\/div>\n<\/div>\n<\/div>\n<\/div><\/div>\n\n\n\n<div class=\"wp-block-cover alignfull has-parallax\" style=\"min-height:140px;aspect-ratio:unset;\"><span aria-hidden=\"true\" class=\"wp-block-cover__background has-neve-link-hover-color-background-color has-background-dim\"><\/span><div class=\"wp-block-cover__image-background wp-image-2091 has-parallax\" style=\"background-position:50% 50%;background-image:url(https:\/\/raluxsolar.com\/2023\/wp-content\/uploads\/2024\/02\/instalacion-en-teja-metalica-ralux.jpg)\"><\/div><div class=\"wp-block-cover__inner-container is-layout-constrained wp-block-cover-is-layout-constrained\">\n<div style=\"height:30px\" aria-hidden=\"true\" class=\"wp-block-spacer\"><\/div>\n\n\n\n<p class=\"has-text-align-center has-nv-site-bg-color has-text-color has-link-color has-large-font-size wp-elements-f80d5ec13b6ea8695bea89e580c643fc\" style=\"font-style:normal;font-weight:400\"><strong>COTIZA TU PROYECTO CON NOSOTROS<\/strong><\/p>\n\n\n\n<div class=\"wp-block-buttons is-content-justification-center is-layout-flex wp-container-core-buttons-is-layout-16018d1d wp-block-buttons-is-layout-flex\">\n<div class=\"wp-block-button is-style-primary\"><a class=\"wp-block-button__link wp-element-button\">CONTACTO<\/a><\/div>\n<\/div>\n\n\n\n<div style=\"height:30px\" aria-hidden=\"true\" class=\"wp-block-spacer\"><\/div>\n<\/div><\/div>\n\n\n\n<div class=\"wp-block-cover alignfull is-light has-parallax\" style=\"min-height:450px;aspect-ratio:unset;\"><span aria-hidden=\"true\" class=\"wp-block-cover__background has-background-dim-80 has-background-dim\" style=\"background-color:#f2f2f2\"><\/span><div class=\"wp-block-cover__image-background wp-image-2091 has-parallax\" style=\"background-position:50% 50%;background-image:url(https:\/\/raluxsolar.com\/2023\/wp-content\/uploads\/2024\/02\/instalacion-en-teja-metalica-ralux.jpg)\"><\/div><div class=\"wp-block-cover__inner-container is-layout-constrained wp-block-cover-is-layout-constrained\">\n<div style=\"height:30px\" aria-hidden=\"true\" class=\"wp-block-spacer\"><\/div>\n\n\n\n<div class=\"wp-block-columns alignwide are-vertically-aligned-top is-layout-flex wp-container-core-columns-is-layout-9d6595d7 wp-block-columns-is-layout-flex\">\n<div class=\"wp-block-column is-vertically-aligned-top button_slide slide_left coblocks-animate is-layout-flow wp-block-column-is-layout-flow\" data-coblocks-animation=\"slideInLeft\">\n<div class=\"wp-block-cover\"><span aria-hidden=\"true\" class=\"wp-block-cover__background has-nv-site-bg-background-color has-background-dim-80 has-background-dim\"><\/span><div class=\"wp-block-cover__inner-container is-layout-constrained wp-block-cover-is-layout-constrained\">\n<div class=\"wp-block-group is-vertical is-layout-flex wp-container-core-group-is-layout-8cf370e7 wp-block-group-is-layout-flex\">\n<p class=\"has-neve-link-color-color has-text-color has-link-color has-medium-font-size wp-elements-8bac259d2eafb8531c0a719e606dd828\" style=\"font-style:normal;font-weight:400\">CUBIERTAS<\/p>\n\n\n\n<h2 class=\"wp-block-heading alignwide has-text-align-left has-neve-text-color-color has-text-color has-link-color has-x-large-font-size wp-elements-28db189a299c98f1a2d55d2cfe05a7b4\" style=\"font-style:normal;font-weight:700\">COPLANAR<\/h2>\n\n\n\n<figure class=\"wp-block-image size-full is-resized\"><img loading=\"lazy\" decoding=\"async\" width=\"907\" height=\"200\" src=\"https:\/\/raluxsolar.com\/2023\/wp-content\/uploads\/2024\/02\/atributos-sistema-CUBIERTAS-INCLINADAS-ralux-solar.png\" alt=\"\" class=\"wp-image-2601\" style=\"width:auto;height:45px\" srcset=\"https:\/\/raluxsolar.com\/2023\/wp-content\/uploads\/2024\/02\/atributos-sistema-CUBIERTAS-INCLINADAS-ralux-solar.png 907w, https:\/\/raluxsolar.com\/2023\/wp-content\/uploads\/2024\/02\/atributos-sistema-CUBIERTAS-INCLINADAS-ralux-solar-300x66.png 300w, https:\/\/raluxsolar.com\/2023\/wp-content\/uploads\/2024\/02\/atributos-sistema-CUBIERTAS-INCLINADAS-ralux-solar-768x169.png 768w\" sizes=\"auto, (max-width: 907px) 100vw, 907px\" \/><\/figure>\n\n\n\n<figure class=\"wp-block-image size-full\"><img loading=\"lazy\" decoding=\"async\" width=\"1920\" height=\"1080\" src=\"https:\/\/raluxsolar.com\/2023\/wp-content\/uploads\/2024\/02\/conplanar.png\" alt=\"\" class=\"wp-image-2458\" style=\"object-fit:cover\" srcset=\"https:\/\/raluxsolar.com\/2023\/wp-content\/uploads\/2024\/02\/conplanar.png 1920w, https:\/\/raluxsolar.com\/2023\/wp-content\/uploads\/2024\/02\/conplanar-300x169.png 300w, https:\/\/raluxsolar.com\/2023\/wp-content\/uploads\/2024\/02\/conplanar-1024x576.png 1024w, https:\/\/raluxsolar.com\/2023\/wp-content\/uploads\/2024\/02\/conplanar-768x432.png 768w, https:\/\/raluxsolar.com\/2023\/wp-content\/uploads\/2024\/02\/conplanar-1536x864.png 1536w\" sizes=\"auto, (max-width: 1920px) 100vw, 1920px\" \/><\/figure>\n\n\n\n<p class=\"has-text-align-left has-neve-text-color-color has-text-color has-link-color wp-elements-835d1d47939d052e45f245f9015e7fd5\"><strong>Los sistemas coplanares son sistemas que se pueden fijar a trav\u00e9s de tornillos de tracci\u00f3n inferior. Dependiendo de las distancias que quieras respetar entre tornillo y tornillo, puedes elegir entre el perfil Omnia y el perfil ACE. El sistema coplanar Omnia permite distancias&nbsp; entre los puntos de apoyo de hasta 2,0 metros. Es posible instalar el sistema omnia coplanar en sistemas de fijaci\u00f3n Powergrip para superficies TPO.<\/strong><\/p>\n<\/div>\n\n\n\n<div class=\"wp-block-buttons is-content-justification-right is-layout-flex wp-container-core-buttons-is-layout-765c4724 wp-block-buttons-is-layout-flex\">\n<div class=\"wp-block-button is-style-secondary\"><a class=\"wp-block-button__link wp-element-button\" href=\"https:\/\/raluxsolar.com\/2023\/es\/coplanar\/\">EXPLORA \u2192<\/a><\/div>\n<\/div>\n<\/div><\/div>\n<\/div>\n\n\n\n<div class=\"wp-block-column is-vertically-aligned-top button_slide slide_right coblocks-animate is-layout-flow wp-block-column-is-layout-flow\" data-coblocks-animation=\"slideInRight\">\n<div class=\"wp-block-cover\"><span aria-hidden=\"true\" class=\"wp-block-cover__background has-nv-site-bg-background-color has-background-dim-80 has-background-dim\"><\/span><div class=\"wp-block-cover__inner-container is-layout-constrained wp-block-cover-is-layout-constrained\">\n<div class=\"wp-block-group is-vertical is-layout-flex wp-container-core-group-is-layout-8cf370e7 wp-block-group-is-layout-flex\">\n<p class=\"has-neve-link-color-color has-text-color has-link-color has-medium-font-size wp-elements-8bac259d2eafb8531c0a719e606dd828\" style=\"font-style:normal;font-weight:400\">CUBIERTAS<\/p>\n\n\n\n<h2 class=\"wp-block-heading has-text-align-left has-neve-text-color-color has-text-color has-link-color has-x-large-font-size wp-elements-96af2598db0276d563c233ab51b3aa88\" style=\"font-style:normal;font-weight:700\">TEJA STANDING SEAM\/KR18<\/h2>\n\n\n\n<figure class=\"wp-block-image size-full is-resized\"><img loading=\"lazy\" decoding=\"async\" width=\"907\" height=\"200\" src=\"https:\/\/raluxsolar.com\/2023\/wp-content\/uploads\/2024\/02\/atributos-sistema-CUBIERTAS-INCLINADAS-ralux-solar.png\" alt=\"\" class=\"wp-image-2601\" style=\"width:auto;height:45px\" srcset=\"https:\/\/raluxsolar.com\/2023\/wp-content\/uploads\/2024\/02\/atributos-sistema-CUBIERTAS-INCLINADAS-ralux-solar.png 907w, https:\/\/raluxsolar.com\/2023\/wp-content\/uploads\/2024\/02\/atributos-sistema-CUBIERTAS-INCLINADAS-ralux-solar-300x66.png 300w, https:\/\/raluxsolar.com\/2023\/wp-content\/uploads\/2024\/02\/atributos-sistema-CUBIERTAS-INCLINADAS-ralux-solar-768x169.png 768w\" sizes=\"auto, (max-width: 907px) 100vw, 907px\" \/><\/figure>\n\n\n\n<figure class=\"wp-block-image size-large\"><img loading=\"lazy\" decoding=\"async\" width=\"1024\" height=\"576\" src=\"https:\/\/raluxsolar.com\/2023\/wp-content\/uploads\/2024\/02\/teja-standing-seam-KR18-rail-ralux-solar-1024x576.png\" alt=\"\" class=\"wp-image-2461\" srcset=\"https:\/\/raluxsolar.com\/2023\/wp-content\/uploads\/2024\/02\/teja-standing-seam-KR18-rail-ralux-solar-1024x576.png 1024w, https:\/\/raluxsolar.com\/2023\/wp-content\/uploads\/2024\/02\/teja-standing-seam-KR18-rail-ralux-solar-300x169.png 300w, https:\/\/raluxsolar.com\/2023\/wp-content\/uploads\/2024\/02\/teja-standing-seam-KR18-rail-ralux-solar-768x432.png 768w, https:\/\/raluxsolar.com\/2023\/wp-content\/uploads\/2024\/02\/teja-standing-seam-KR18-rail-ralux-solar-1536x864.png 1536w, https:\/\/raluxsolar.com\/2023\/wp-content\/uploads\/2024\/02\/teja-standing-seam-KR18-rail-ralux-solar.png 1920w\" sizes=\"auto, (max-width: 1024px) 100vw, 1024px\" \/><\/figure>\n\n\n\n<p class=\"has-text-align-left has-neve-text-color-color has-text-color has-link-color wp-elements-f45803d13412b8c1ee17e67022be855e\"><strong>Los sistemas&nbsp;Teja Standing Seam\/KR18 son sistemas que se pueden fijar puntualmente sin perfiles o a trav\u00e9s de perfiles Omnia o ACE. El sistema KR18 Portrait se puede instalar en l\u00e1minas de costura de pie con anchos de cresta de hasta 23 mm. La distancia entre los puntos de soporte puede alcanzar 2mt si utiliza el perfil Omnia o 3mt si utiliza el perfil ACE.<\/strong><\/p>\n<\/div>\n\n\n\n<div class=\"wp-block-buttons is-content-justification-right is-layout-flex wp-container-core-buttons-is-layout-765c4724 wp-block-buttons-is-layout-flex\">\n<div class=\"wp-block-button is-style-secondary\"><a class=\"wp-block-button__link wp-element-button\" href=\"https:\/\/raluxsolar.com\/2023\/es\/teja-standing-seam-kr18\/\">EXPLORA \u2192<\/a><\/div>\n<\/div>\n<\/div><\/div>\n<\/div>\n<\/div>\n<\/div><\/div>\n\n\n\n<div class=\"wp-block-cover alignfull is-light has-parallax\" style=\"min-height:450px;aspect-ratio:unset;\"><span aria-hidden=\"true\" class=\"wp-block-cover__background has-background-dim-80 has-background-dim\" style=\"background-color:#f2f2f2\"><\/span><div class=\"wp-block-cover__image-background wp-image-2091 has-parallax\" style=\"background-position:50% 50%;background-image:url(https:\/\/raluxsolar.com\/2023\/wp-content\/uploads\/2024\/02\/instalacion-en-teja-metalica-ralux.jpg)\"><\/div><div class=\"wp-block-cover__inner-container is-layout-constrained wp-block-cover-is-layout-constrained\">\n<div style=\"height:30px\" aria-hidden=\"true\" class=\"wp-block-spacer\"><\/div>\n\n\n\n<div class=\"wp-block-columns alignwide are-vertically-aligned-top is-layout-flex wp-container-core-columns-is-layout-9d6595d7 wp-block-columns-is-layout-flex\">\n<div class=\"wp-block-column is-vertically-aligned-top button_slide slide_left coblocks-animate is-layout-flow wp-block-column-is-layout-flow\" data-coblocks-animation=\"slideInLeft\">\n<div class=\"wp-block-cover\"><span aria-hidden=\"true\" class=\"wp-block-cover__background has-nv-site-bg-background-color has-background-dim-80 has-background-dim\"><\/span><div class=\"wp-block-cover__inner-container is-layout-constrained wp-block-cover-is-layout-constrained\">\n<div class=\"wp-block-group is-vertical is-layout-flex wp-container-core-group-is-layout-8cf370e7 wp-block-group-is-layout-flex\">\n<p class=\"has-neve-link-color-color has-text-color has-link-color has-medium-font-size wp-elements-8bac259d2eafb8531c0a719e606dd828\" style=\"font-style:normal;font-weight:400\">CUBIERTAS<\/p>\n\n\n\n<h2 class=\"wp-block-heading has-text-align-left has-neve-text-color-color has-text-color has-link-color has-x-large-font-size wp-elements-96af2598db0276d563c233ab51b3aa88\" style=\"font-style:normal;font-weight:700\">TEJA STANDING SEAM\/KR18<\/h2>\n\n\n\n<figure class=\"wp-block-image size-full is-resized\"><img loading=\"lazy\" decoding=\"async\" width=\"907\" height=\"200\" src=\"https:\/\/raluxsolar.com\/2023\/wp-content\/uploads\/2024\/02\/atributos-sistema-CUBIERTAS-INCLINADAS-ralux-solar.png\" alt=\"\" class=\"wp-image-2601\" style=\"width:auto;height:45px\" srcset=\"https:\/\/raluxsolar.com\/2023\/wp-content\/uploads\/2024\/02\/atributos-sistema-CUBIERTAS-INCLINADAS-ralux-solar.png 907w, https:\/\/raluxsolar.com\/2023\/wp-content\/uploads\/2024\/02\/atributos-sistema-CUBIERTAS-INCLINADAS-ralux-solar-300x66.png 300w, https:\/\/raluxsolar.com\/2023\/wp-content\/uploads\/2024\/02\/atributos-sistema-CUBIERTAS-INCLINADAS-ralux-solar-768x169.png 768w\" sizes=\"auto, (max-width: 907px) 100vw, 907px\" \/><\/figure>\n\n\n\n<figure class=\"wp-block-image size-full\"><img loading=\"lazy\" decoding=\"async\" width=\"1920\" height=\"1080\" src=\"https:\/\/raluxsolar.com\/2023\/wp-content\/uploads\/2024\/02\/teja-standing-seam-KR18-ralux-solar.png\" alt=\"\" class=\"wp-image-2464\" style=\"object-fit:cover\" srcset=\"https:\/\/raluxsolar.com\/2023\/wp-content\/uploads\/2024\/02\/teja-standing-seam-KR18-ralux-solar.png 1920w, https:\/\/raluxsolar.com\/2023\/wp-content\/uploads\/2024\/02\/teja-standing-seam-KR18-ralux-solar-300x169.png 300w, https:\/\/raluxsolar.com\/2023\/wp-content\/uploads\/2024\/02\/teja-standing-seam-KR18-ralux-solar-1024x576.png 1024w, https:\/\/raluxsolar.com\/2023\/wp-content\/uploads\/2024\/02\/teja-standing-seam-KR18-ralux-solar-768x432.png 768w, https:\/\/raluxsolar.com\/2023\/wp-content\/uploads\/2024\/02\/teja-standing-seam-KR18-ralux-solar-1536x864.png 1536w\" sizes=\"auto, (max-width: 1920px) 100vw, 1920px\" \/><\/figure>\n\n\n\n<p class=\"has-text-align-left has-neve-text-color-color has-text-color has-link-color wp-elements-0431e33b0eff00023adcba40c6c82a23\"><strong>El sistema KR18 Landscape es un sistema de fijaci\u00f3n perfilado que se puede instalar en l\u00e1minas de costura de pie con anchos de cresta de hasta 23 mm. Los clips de soporte del panel fotovoltaico le permiten fijar directamente los paneles utilizando solo los terminales. Gracias al generoso tama\u00f1o de los clips, se garantiza un excelente flujo de aire que minimiza el sobrecalentamiento de los m\u00f3dulos fotovoltaicos.<\/strong><\/p>\n<\/div>\n\n\n\n<div class=\"wp-block-buttons is-content-justification-right is-layout-flex wp-container-core-buttons-is-layout-765c4724 wp-block-buttons-is-layout-flex\">\n<div class=\"wp-block-button is-style-secondary\"><a class=\"wp-block-button__link wp-element-button\" href=\"https:\/\/raluxsolar.com\/2023\/es\/teja-standing-seam-kr18\/\">EXPLORA \u2192<\/a><\/div>\n<\/div>\n<\/div><\/div>\n<\/div>\n\n\n\n<div class=\"wp-block-column is-vertically-aligned-top button_slide slide_right coblocks-animate is-layout-flow wp-block-column-is-layout-flow\" data-coblocks-animation=\"slideInRight\">\n<div class=\"wp-block-cover\"><span aria-hidden=\"true\" class=\"wp-block-cover__background has-nv-site-bg-background-color has-background-dim-80 has-background-dim\"><\/span><div class=\"wp-block-cover__inner-container is-layout-constrained wp-block-cover-is-layout-constrained\">\n<div class=\"wp-block-group is-vertical is-layout-flex wp-container-core-group-is-layout-8cf370e7 wp-block-group-is-layout-flex\">\n<p class=\"has-neve-link-color-color has-text-color has-link-color has-medium-font-size wp-elements-8bac259d2eafb8531c0a719e606dd828\" style=\"font-style:normal;font-weight:400\">CUBIERTAS<\/p>\n\n\n\n<h2 class=\"wp-block-heading has-text-align-left has-neve-text-color-color has-text-color has-link-color has-x-large-font-size wp-elements-4e8e72c25e3a23f172d16e4eeceb44ca\" style=\"font-style:normal;font-weight:700\">DOMO<\/h2>\n\n\n\n<figure class=\"wp-block-image size-full is-resized\"><img loading=\"lazy\" decoding=\"async\" width=\"907\" height=\"200\" src=\"https:\/\/raluxsolar.com\/2023\/wp-content\/uploads\/2024\/02\/atributos-sistema-CUBIERTAS-INCLINADAS-ralux-solar.png\" alt=\"\" class=\"wp-image-2601\" style=\"width:auto;height:45px\" srcset=\"https:\/\/raluxsolar.com\/2023\/wp-content\/uploads\/2024\/02\/atributos-sistema-CUBIERTAS-INCLINADAS-ralux-solar.png 907w, https:\/\/raluxsolar.com\/2023\/wp-content\/uploads\/2024\/02\/atributos-sistema-CUBIERTAS-INCLINADAS-ralux-solar-300x66.png 300w, https:\/\/raluxsolar.com\/2023\/wp-content\/uploads\/2024\/02\/atributos-sistema-CUBIERTAS-INCLINADAS-ralux-solar-768x169.png 768w\" sizes=\"auto, (max-width: 907px) 100vw, 907px\" \/><\/figure>\n\n\n\n<figure class=\"wp-block-image size-large\"><img loading=\"lazy\" decoding=\"async\" width=\"1024\" height=\"576\" src=\"https:\/\/raluxsolar.com\/2023\/wp-content\/uploads\/2024\/02\/domo-1024x576.png\" alt=\"\" class=\"wp-image-2476\" srcset=\"https:\/\/raluxsolar.com\/2023\/wp-content\/uploads\/2024\/02\/domo-1024x576.png 1024w, https:\/\/raluxsolar.com\/2023\/wp-content\/uploads\/2024\/02\/domo-300x169.png 300w, https:\/\/raluxsolar.com\/2023\/wp-content\/uploads\/2024\/02\/domo-768x432.png 768w, https:\/\/raluxsolar.com\/2023\/wp-content\/uploads\/2024\/02\/domo-1536x864.png 1536w, https:\/\/raluxsolar.com\/2023\/wp-content\/uploads\/2024\/02\/domo.png 1920w\" sizes=\"auto, (max-width: 1024px) 100vw, 1024px\" \/><\/figure>\n\n\n\n<p class=\"has-text-align-left has-neve-text-color-color has-text-color has-link-color wp-elements-1759b0757cf9b6f3200e89b6e226ac5a\"><strong>El sistema Domo permite su instalaci\u00f3nen todo tipo de tejas (portugu\u00e9s \/ Marsella \/ baldosas planas \/ fibrocemento) de forma r\u00e1pida y precisa. Gracias a la posibilidad de ajustar el soporte de fijaci\u00f3n, es posible instalar los m\u00f3dulos fotovoltaicos incluso en presencia de superficies discontinuas e irregulares.<br>El carro deslizante del soporte tambi\u00e9n permite un ajuste lateral que permite una fijaci\u00f3n descentralizada del sistema. Los tornillos de fijaci\u00f3n para madera u hormig\u00f3n se pueden utilizar dependiendo del tipo de techo.<\/strong><\/p>\n<\/div>\n\n\n\n<div class=\"wp-block-buttons is-content-justification-right is-layout-flex wp-container-core-buttons-is-layout-765c4724 wp-block-buttons-is-layout-flex\">\n<div class=\"wp-block-button is-style-secondary\"><a class=\"wp-block-button__link wp-element-button\" href=\"https:\/\/raluxsolar.com\/2023\/es\/domo\/\">EXPLORA \u2192<\/a><\/div>\n<\/div>\n<\/div><\/div>\n<\/div>\n<\/div>\n<\/div><\/div>\n\n\n\n<div class=\"wp-block-cover alignfull has-parallax wp-duotone-rgb4448102-ffb23d-1\" style=\"margin-top:0;padding-top:4vw;padding-right:4vw;padding-bottom:4vw;padding-left:4vw;min-height:140px;aspect-ratio:unset;\"><span aria-hidden=\"true\" class=\"wp-block-cover__background has-neve-link-color-background-color has-background-dim\"><\/span><div class=\"wp-block-cover__image-background wp-image-2091 has-parallax\" style=\"background-position:50% 50%;background-image:url(https:\/\/raluxsolar.com\/2023\/wp-content\/uploads\/2024\/02\/instalacion-en-teja-metalica-ralux.jpg)\"><\/div><div class=\"wp-block-cover__inner-container is-layout-flow wp-block-cover-is-layout-flow\">\n<div class=\"wp-block-group\"><div class=\"wp-block-group__inner-container is-layout-flow wp-block-group-is-layout-flow\">\n<p class=\"has-text-align-center has-nv-site-bg-color has-text-color\" style=\"font-size:35px;font-style:normal;font-weight:700;letter-spacing:-2px;line-height:0.9;text-transform:uppercase\">CUENTANOS TU NECESIDAD \u00a1TE ASESORAREMOS!<\/p>\n\n\n\n<div style=\"height:10px\" aria-hidden=\"true\" class=\"wp-block-spacer\"><\/div>\n\n\n\n<div class=\"wp-block-buttons is-content-justification-center is-layout-flex wp-container-core-buttons-is-layout-16018d1d wp-block-buttons-is-layout-flex\">\n<div class=\"wp-block-button is-style-default\"><a class=\"wp-block-button__link wp-element-button\">CONTACTO \u2192<\/a><\/div>\n<\/div>\n<\/div><\/div>\n<\/div><\/div>\n\n\n\n<div class=\"wp-block-group alignfull has-background-color has-white-color has-black-background-color has-text-color has-background has-link-color wp-elements-2aab0bf934c260b5db498faf918a5a75 is-nowrap is-layout-flex wp-container-core-group-is-layout-ab6b2ca1 wp-block-group-is-layout-flex\" style=\"min-height:40vh;margin-top:0;margin-bottom:0;padding-top:var(--wp--preset--spacing--40);padding-right:var(--wp--preset--spacing--40);padding-bottom:var(--wp--preset--spacing--40);padding-left:var(--wp--preset--spacing--40)\">\n<div class=\"wp-block-columns alignwide is-style-default is-layout-flex wp-container-core-columns-is-layout-9d6595d7 wp-block-columns-is-layout-flex\" style=\"font-size:10px;text-transform:uppercase\">\n<div class=\"wp-block-column is-layout-flow wp-block-column-is-layout-flow\" style=\"flex-basis:5%\"><\/div>\n\n\n\n<div class=\"wp-block-column is-layout-flow wp-block-column-is-layout-flow\" style=\"flex-basis:20%\">\n<p class=\"has-text-align-left has-nv-site-bg-color has-text-color has-link-color wp-elements-6ffd74048beb448d86063673cbe1f58e\" style=\"font-size:12px;font-style:normal;font-weight:700;text-transform:uppercase\">Productos<\/p>\n\n\n\n<div class=\"wp-block-group parjunto is-vertical is-layout-flex wp-container-core-group-is-layout-8cf370e7 wp-block-group-is-layout-flex\">\n<p class=\"has-nv-site-bg-color has-text-color has-link-color wp-elements-4d06a5dfad3e2be733d217e15f7b7cc2\"><a href=\"https:\/\/raluxsolar.com\/2023\/es\/sistemas-de-montaje\/sistemas-aerodinamicos\/\" class=\"ek-link\">Sistemas aerodin\u00e1micos<\/a><\/p>\n\n\n\n<p class=\"has-nv-site-bg-color has-text-color has-link-color wp-elements-3c8dd093e3eea20d10ea978e44882f2a\"><a href=\"https:\/\/raluxsolar.com\/2023\/es\/sistemas-de-montaje\/cubiertas-inclinadas\/\" class=\"ek-link\">Cubiertas inclinadas<\/a><\/p>\n\n\n\n<p class=\"has-nv-site-bg-color has-text-color has-link-color wp-elements-b05ee7b9886f4d5dea3266a3d3b08788\"><a href=\"https:\/\/raluxsolar.com\/2023\/es\/sistemas-de-montaje\/sistemas-anclados\/\" class=\"ek-link\">Sistemas anclados<\/a><\/p>\n\n\n\n<p class=\"has-nv-site-bg-color has-text-color has-link-color wp-elements-cdf44cefd46779d10c6164281c05af5f\"><a href=\"https:\/\/raluxsolar.com\/2023\/es\/sistemas-de-montaje\/parques-solares\/\" class=\"ek-link\">Parques solares<\/a><\/p>\n\n\n\n<p class=\"has-nv-site-bg-color has-text-color has-link-color wp-elements-0258678a75370aecb02ff1a9a1234897\"><a href=\"https:\/\/raluxsolar.com\/2023\/es\/sistemas-de-montaje\/carports\/\" class=\"ek-link\">Carports<\/a><\/p>\n<\/div>\n<\/div>\n\n\n\n<div class=\"wp-block-column is-layout-flow wp-block-column-is-layout-flow\" style=\"flex-basis:20%\">\n<p class=\"has-text-align-left has-nv-site-bg-color has-text-color has-link-color wp-elements-c965ae945ef6d232aa97fa57968a7b20\" style=\"font-size:12px;font-style:normal;font-weight:700;text-transform:uppercase\">empresa<\/p>\n\n\n\n<div class=\"wp-block-group parjunto is-vertical is-layout-flex wp-container-core-group-is-layout-8cf370e7 wp-block-group-is-layout-flex\">\n<p class=\"has-nv-site-bg-color has-text-color has-link-color wp-elements-5660632952ac877eacb9eac382fb5b80\"><a href=\"https:\/\/raluxsolar.com\/2023\/es\/somos\/\" class=\"ek-link\">Nuestra historia<\/a><\/p>\n\n\n\n<p class=\"has-nv-site-bg-color has-text-color has-link-color wp-elements-8a7849614aac1856e8583401b1b1e5ab\"><a href=\"https:\/\/raluxsolar.com\/2023\/es\/trabaja-con-nosotros\/\" class=\"ek-link\">Trabaja con Nosotros<\/a><\/p>\n\n\n\n<p class=\"has-nv-site-bg-color has-text-color has-link-color wp-elements-e7dd973addba0a10b72bad87f7fe3d6f\"><a href=\"https:\/\/raluxsolar.com\/2023\/es\/catalogo2222\/\" class=\"ek-link\">Cat\u00e1logo<\/a><\/p>\n\n\n\n<p class=\"has-nv-site-bg-color has-text-color has-link-color wp-elements-5d3c52cbf8f0564ee15ae650e8e16645\"><a href=\"https:\/\/raluxsolar.com\/2023\/es\/proyectos\/\" class=\"ek-link\">Proyectos<\/a><\/p>\n\n\n\n<p class=\"has-nv-site-bg-color has-text-color has-link-color wp-elements-2157e3998045826a0d7e3bee8ee48732\"><a href=\"https:\/\/raluxsolar.com\/2023\/es\/blog\/\" class=\"ek-link\">Blog<\/a><\/p>\n<\/div>\n<\/div>\n\n\n\n<div class=\"wp-block-column is-layout-flow wp-block-column-is-layout-flow\" style=\"flex-basis:20%\">\n<p class=\"has-text-align-left has-nv-site-bg-color has-text-color has-link-color wp-elements-3b69911517521ed73d763fe46e8424a5\" style=\"font-size:12px;font-style:normal;font-weight:700;text-transform:uppercase\">ingenieria<\/p>\n\n\n\n<div class=\"wp-block-group parjunto is-vertical is-layout-flex wp-container-core-group-is-layout-8cf370e7 wp-block-group-is-layout-flex\">\n<p class=\"has-nv-site-bg-color has-text-color has-link-color wp-elements-54dbcfb2fccd8f74db0a2f053ad75fd5\">Fichas t\u00e9cnicas<\/p>\n\n\n\n<p class=\"has-nv-site-bg-color has-text-color has-link-color wp-elements-41df090451dd58bc483af990a190ac34\">Manuales de instalaci\u00f3n<\/p>\n\n\n\n<p class=\"has-nv-site-bg-color has-text-color has-link-color wp-elements-d3c11d3cf97bb4b4fbebe1d0926f4dcf\">Fichas de producto<\/p>\n<\/div>\n<\/div>\n\n\n\n<div class=\"wp-block-column is-layout-flow wp-block-column-is-layout-flow\" style=\"flex-basis:60%\">\n<p class=\"has-text-align-left has-nv-site-bg-color has-text-color has-link-color wp-elements-e06293fb86509746b67c95365e193d0b\" style=\"font-size:12px;font-style:normal;font-weight:700;text-transform:uppercase\">contactos<\/p>\n\n\n\n<div class=\"wp-block-group parjunto is-vertical is-layout-flex wp-container-core-group-is-layout-d1ab412d wp-block-group-is-layout-flex\" style=\"padding-top:0;padding-bottom:0\">\n<p class=\"has-nv-site-bg-color has-text-color has-link-color wp-elements-b90e675674e03f24b588a6eaf1c2798d\">Italia<\/p>\n\n\n\n<p class=\"has-nv-site-bg-color has-text-color has-link-color wp-elements-5b5ac2864268efb9445357d9ab7abd47\">Colombia<\/p>\n\n\n\n<p class=\"has-nv-site-bg-color has-text-color has-link-color wp-elements-bc28ece82d35e493b7f6fa01a7020fa0\">M\u00e9xico<\/p>\n\n\n\n<p class=\"has-nv-site-bg-color has-text-color has-link-color wp-elements-2509e8ba81483e2be7233d1f1627ffcc\">Europa<\/p>\n\n\n\n<p class=\"has-nv-site-bg-color has-text-color has-link-color wp-elements-dee635cb5799f991cdb6f968e2948b7f\">LATAM<\/p>\n<\/div>\n<\/div>\n\n\n\n<div class=\"wp-block-column is-layout-flow wp-block-column-is-layout-flow\" style=\"flex-basis:17%\">\n<div class=\"wp-block-group is-vertical is-layout-flex wp-container-core-group-is-layout-8cf370e7 wp-block-group-is-layout-flex\">\n<p class=\"has-nv-site-bg-color has-text-color has-link-color wp-elements-463efb6bb09e46dee98b30517606d024\">Siguenos<\/p>\n\n\n\n<ul class=\"wp-block-social-links has-icon-color has-icon-background-color is-style-default is-nowrap is-layout-flex wp-container-core-social-links-is-layout-ad2f72ca wp-block-social-links-is-layout-flex\"><li style=\"color:var(--nv-site-bg);background-color:var(--nv-dark-bg);\" class=\"wp-social-link wp-social-link-linkedin has-nv-site-bg-color wp-block-social-link\"><a rel=\"noopener nofollow\" target=\"_blank\" href=\"https:\/\/www.linkedin.com\/company\/ralux\/\" class=\"wp-block-social-link-anchor\"><svg width=\"24\" height=\"24\" viewBox=\"0 0 24 24\" version=\"1.1\" xmlns=\"http:\/\/www.w3.org\/2000\/svg\" aria-hidden=\"true\" focusable=\"false\"><path d=\"M19.7,3H4.3C3.582,3,3,3.582,3,4.3v15.4C3,20.418,3.582,21,4.3,21h15.4c0.718,0,1.3-0.582,1.3-1.3V4.3 C21,3.582,20.418,3,19.7,3z M8.339,18.338H5.667v-8.59h2.672V18.338z M7.004,8.574c-0.857,0-1.549-0.694-1.549-1.548 c0-0.855,0.691-1.548,1.549-1.548c0.854,0,1.547,0.694,1.547,1.548C8.551,7.881,7.858,8.574,7.004,8.574z M18.339,18.338h-2.669 v-4.177c0-0.996-0.017-2.278-1.387-2.278c-1.389,0-1.601,1.086-1.601,2.206v4.249h-2.667v-8.59h2.559v1.174h0.037 c0.356-0.675,1.227-1.387,2.526-1.387c2.703,0,3.203,1.779,3.203,4.092V18.338z\"><\/path><\/svg><span class=\"wp-block-social-link-label screen-reader-text\">LinkedIn<\/span><\/a><\/li>\n\n<li style=\"color:var(--nv-site-bg);background-color:var(--nv-dark-bg);\" class=\"wp-social-link wp-social-link-instagram has-nv-site-bg-color wp-block-social-link\"><a rel=\"noopener nofollow\" target=\"_blank\" href=\"https:\/\/www.instagram.com\/raluxsolar\" class=\"wp-block-social-link-anchor\"><svg width=\"24\" height=\"24\" viewBox=\"0 0 24 24\" version=\"1.1\" xmlns=\"http:\/\/www.w3.org\/2000\/svg\" aria-hidden=\"true\" focusable=\"false\"><path d=\"M12,4.622c2.403,0,2.688,0.009,3.637,0.052c0.877,0.04,1.354,0.187,1.671,0.31c0.42,0.163,0.72,0.358,1.035,0.673 c0.315,0.315,0.51,0.615,0.673,1.035c0.123,0.317,0.27,0.794,0.31,1.671c0.043,0.949,0.052,1.234,0.052,3.637 s-0.009,2.688-0.052,3.637c-0.04,0.877-0.187,1.354-0.31,1.671c-0.163,0.42-0.358,0.72-0.673,1.035 c-0.315,0.315-0.615,0.51-1.035,0.673c-0.317,0.123-0.794,0.27-1.671,0.31c-0.949,0.043-1.233,0.052-3.637,0.052 s-2.688-0.009-3.637-0.052c-0.877-0.04-1.354-0.187-1.671-0.31c-0.42-0.163-0.72-0.358-1.035-0.673 c-0.315-0.315-0.51-0.615-0.673-1.035c-0.123-0.317-0.27-0.794-0.31-1.671C4.631,14.688,4.622,14.403,4.622,12 s0.009-2.688,0.052-3.637c0.04-0.877,0.187-1.354,0.31-1.671c0.163-0.42,0.358-0.72,0.673-1.035 c0.315-0.315,0.615-0.51,1.035-0.673c0.317-0.123,0.794-0.27,1.671-0.31C9.312,4.631,9.597,4.622,12,4.622 M12,3 C9.556,3,9.249,3.01,8.289,3.054C7.331,3.098,6.677,3.25,6.105,3.472C5.513,3.702,5.011,4.01,4.511,4.511 c-0.5,0.5-0.808,1.002-1.038,1.594C3.25,6.677,3.098,7.331,3.054,8.289C3.01,9.249,3,9.556,3,12c0,2.444,0.01,2.751,0.054,3.711 c0.044,0.958,0.196,1.612,0.418,2.185c0.23,0.592,0.538,1.094,1.038,1.594c0.5,0.5,1.002,0.808,1.594,1.038 c0.572,0.222,1.227,0.375,2.185,0.418C9.249,20.99,9.556,21,12,21s2.751-0.01,3.711-0.054c0.958-0.044,1.612-0.196,2.185-0.418 c0.592-0.23,1.094-0.538,1.594-1.038c0.5-0.5,0.808-1.002,1.038-1.594c0.222-0.572,0.375-1.227,0.418-2.185 C20.99,14.751,21,14.444,21,12s-0.01-2.751-0.054-3.711c-0.044-0.958-0.196-1.612-0.418-2.185c-0.23-0.592-0.538-1.094-1.038-1.594 c-0.5-0.5-1.002-0.808-1.594-1.038c-0.572-0.222-1.227-0.375-2.185-0.418C14.751,3.01,14.444,3,12,3L12,3z M12,7.378 c-2.552,0-4.622,2.069-4.622,4.622S9.448,16.622,12,16.622s4.622-2.069,4.622-4.622S14.552,7.378,12,7.378z M12,15 c-1.657,0-3-1.343-3-3s1.343-3,3-3s3,1.343,3,3S13.657,15,12,15z M16.804,6.116c-0.596,0-1.08,0.484-1.08,1.08 s0.484,1.08,1.08,1.08c0.596,0,1.08-0.484,1.08-1.08S17.401,6.116,16.804,6.116z\"><\/path><\/svg><span class=\"wp-block-social-link-label screen-reader-text\">Instagram<\/span><\/a><\/li>\n\n\n\n<li style=\"color:var(--nv-site-bg);background-color:var(--nv-dark-bg);\" class=\"wp-social-link wp-social-link-facebook has-nv-site-bg-color wp-block-social-link\"><a rel=\"noopener nofollow\" target=\"_blank\" href=\"https:\/\/www.facebook.com\/raluxsolar\" class=\"wp-block-social-link-anchor\"><svg width=\"24\" height=\"24\" viewBox=\"0 0 24 24\" version=\"1.1\" xmlns=\"http:\/\/www.w3.org\/2000\/svg\" aria-hidden=\"true\" focusable=\"false\"><path d=\"M12 2C6.5 2 2 6.5 2 12c0 5 3.7 9.1 8.4 9.9v-7H7.9V12h2.5V9.8c0-2.5 1.5-3.9 3.8-3.9 1.1 0 2.2.2 2.2.2v2.5h-1.3c-1.2 0-1.6.8-1.6 1.6V12h2.8l-.4 2.9h-2.3v7C18.3 21.1 22 17 22 12c0-5.5-4.5-10-10-10z\"><\/path><\/svg><span class=\"wp-block-social-link-label screen-reader-text\">Facebook<\/span><\/a><\/li>\n\n<li style=\"color:var(--nv-site-bg);background-color:var(--nv-dark-bg);\" class=\"wp-social-link wp-social-link-youtube has-nv-site-bg-color wp-block-social-link\"><a rel=\"noopener nofollow\" target=\"_blank\" href=\"https:\/\/www.youtube.com\/channel\/UCEA0RXc93mp2SmUCdYzfWPQ\" class=\"wp-block-social-link-anchor\"><svg width=\"24\" height=\"24\" viewBox=\"0 0 24 24\" version=\"1.1\" xmlns=\"http:\/\/www.w3.org\/2000\/svg\" aria-hidden=\"true\" focusable=\"false\"><path d=\"M21.8,8.001c0,0-0.195-1.378-0.795-1.985c-0.76-0.797-1.613-0.801-2.004-0.847c-2.799-0.202-6.997-0.202-6.997-0.202 h-0.009c0,0-4.198,0-6.997,0.202C4.608,5.216,3.756,5.22,2.995,6.016C2.395,6.623,2.2,8.001,2.2,8.001S2,9.62,2,11.238v1.517 c0,1.618,0.2,3.237,0.2,3.237s0.195,1.378,0.795,1.985c0.761,0.797,1.76,0.771,2.205,0.855c1.6,0.153,6.8,0.201,6.8,0.201 s4.203-0.006,7.001-0.209c0.391-0.047,1.243-0.051,2.004-0.847c0.6-0.607,0.795-1.985,0.795-1.985s0.2-1.618,0.2-3.237v-1.517 C22,9.62,21.8,8.001,21.8,8.001z M9.935,14.594l-0.001-5.62l5.404,2.82L9.935,14.594z\"><\/path><\/svg><span class=\"wp-block-social-link-label screen-reader-text\">YouTube<\/span><\/a><\/li><\/ul>\n<\/div>\n<\/div>\n<\/div>\n<\/div>\n","protected":false},"excerpt":{"rendered":"","protected":false},"author":1,"featured_media":2510,"parent":406,"menu_order":0,"comment_status":"closed","ping_status":"closed","template":"","meta":{"_editorskit_title_hidden":false,"_editorskit_reading_time":0,"_editorskit_is_block_options_detached":false,"_editorskit_block_options_position":"{}","_coblocks_attr":"","_coblocks_dimensions":"","_coblocks_responsive_height":"","_coblocks_accordion_ie_support":"","neve_meta_sidebar":"","neve_meta_container":"","neve_meta_enable_content_width":"","neve_meta_content_width":0,"neve_meta_title_alignment":"","neve_meta_author_avatar":"","neve_post_elements_order":"","neve_meta_disable_header":"","neve_meta_disable_footer":"","neve_meta_disable_title":"on","neve_meta_reading_time":"","footnotes":""},"class_list":["post-213","page","type-page","status-publish","has-post-thumbnail","hentry"],"_links":{"self":[{"href":"https:\/\/raluxsolar.com\/2023\/es\/wp-json\/wp\/v2\/pages\/213","targetHints":{"allow":["GET"]}}],"collection":[{"href":"https:\/\/raluxsolar.com\/2023\/es\/wp-json\/wp\/v2\/pages"}],"about":[{"href":"https:\/\/raluxsolar.com\/2023\/es\/wp-json\/wp\/v2\/types\/page"}],"author":[{"embeddable":true,"href":"https:\/\/raluxsolar.com\/2023\/es\/wp-json\/wp\/v2\/users\/1"}],"replies":[{"embeddable":true,"href":"https:\/\/raluxsolar.com\/2023\/es\/wp-json\/wp\/v2\/comments?post=213"}],"version-history":[{"count":35,"href":"https:\/\/raluxsolar.com\/2023\/es\/wp-json\/wp\/v2\/pages\/213\/revisions"}],"predecessor-version":[{"id":5982,"href":"https:\/\/raluxsolar.com\/2023\/es\/wp-json\/wp\/v2\/pages\/213\/revisions\/5982"}],"up":[{"embeddable":true,"href":"https:\/\/raluxsolar.com\/2023\/es\/wp-json\/wp\/v2\/pages\/406"}],"wp:featuredmedia":[{"embeddable":true,"href":"https:\/\/raluxsolar.com\/2023\/es\/wp-json\/wp\/v2\/media\/2510"}],"wp:attachment":[{"href":"https:\/\/raluxsolar.com\/2023\/es\/wp-json\/wp\/v2\/media?parent=213"}],"curies":[{"name":"wp","href":"https:\/\/api.w.org\/{rel}","templated":true}]}}