{"id":163,"date":"2023-12-13T14:12:31","date_gmt":"2023-12-13T14:12:31","guid":{"rendered":"https:\/\/raluxsolar.com\/2023\/?page_id=163"},"modified":"2024-02-28T15:38:21","modified_gmt":"2024-02-28T15:38:21","slug":"proyectos","status":"publish","type":"page","link":"https:\/\/raluxsolar.com\/2023\/es\/proyectos\/","title":{"rendered":"Proyectos"},"content":{"rendered":"\n<div class=\"wp-block-cover alignfull is-light\" style=\"min-height:150px;aspect-ratio:unset;\"><span aria-hidden=\"true\" class=\"wp-block-cover__background has-background-dim-80 has-background-dim wp-block-cover__gradient-background has-background-gradient\" style=\"background:linear-gradient(135deg,rgb(233,88,28) 0%,rgb(171,52,1) 100%)\"><\/span><video class=\"wp-block-cover__video-background intrinsic-ignore\" autoplay muted loop playsinline src=\"https:\/\/raluxsolar.com\/2023\/wp-content\/uploads\/2023\/12\/banner-ralux-solar.mp4\" data-object-fit=\"cover\"><\/video><div class=\"wp-block-cover__inner-container is-layout-flow wp-block-cover-is-layout-flow\">\n<p class=\"has-text-align-center has-nv-site-bg-color has-text-color has-link-color has-large-font-size\">PROYECTOS<\/p>\n<\/div><\/div>\n\n\n\n<div style=\"height:25px\" aria-hidden=\"true\" class=\"wp-block-spacer\"><\/div>\n\n\n\n<p class=\"has-text-align-center has-medium-font-size\">Cada instalaci\u00f3n es un testimonio de nuestro compromiso con la excelencia y la optimizaci\u00f3n de la energ\u00eda solar para un futuro sostenible, conoce algunos de nuestros proyectos estructurales en funcionamiento y su aporte energ\u00e9tico generado.<\/p>\n\n\n\n<div class=\"wp-block-columns alignfull are-vertically-aligned-center is-layout-flex wp-container-core-columns-is-layout-9d6595d7 wp-block-columns-is-layout-flex\">\n<div class=\"wp-block-column is-vertically-aligned-center is-layout-flow wp-block-column-is-layout-flow\"><div id=\"gutenslider-3i4ewx0qg\" class=\"wp-block-eedee-block-gutenslider gs-frontend content-change alignfull adaptive-height adaptive-height-md adaptive-height-sm arrow-style-1 arrow-position-sides arrow-mb-none arrows-lg arrows-md arrows-sm dot-style-1 dots-lg dots-md dots-sm dot-position-bottom is-position-center-center mb-none wrap-auto-height\" data-parallax-direction=\"down\" data-parallax-amount=\"1.3\" data-lg-transition=\"lg-slide\" data-hash=\"\" ><div class=\"eedee-swiper-outer\" style=\"--gutenslider-min-height: 300px;--gutenslider-arrow-size: 71px;--gutenslider-dot-size: 25px;--gutenslider-arrow-color: #ffffff;--gutenslider-dot-color: #ffffff;--gutenslider-padding-y-mobile: 40px;--gutenslider-padding-x-mobile: 40px;--gutenslider-padding-y-tablet: 40px;--gutenslider-padding-x-tablet: 40px;--gutenslider-padding-y-desktop: 40px;--gutenslider-padding-x-desktop: 40px;--gutenslider-bg-image: url();--gutenslider-min-height-md: 30vh;--gutenslider-min-height-sm: 30vh;--gutenslider-padding-x: 40px;--gutenslider-padding-x-md: 40px;--gutenslider-padding-x-sm: 20px;--gutenslider-padding-y: 40px;--gutenslider-padding-y-md: 40px;--gutenslider-padding-y-sm: 20px;--gutenslider-arrow-size-md: 71px;--gutenslider-arrow-size-sm: 71px;--gutenslider-dot-size-md: 25px;--gutenslider-dot-size-sm: 25px;--gutenslider-arrow-bg-color: transparent;--gutenslider-arrow-hover-color: #ffffffbb;--gutenslider-arrow-bg-hover-color: transparent;--gutenslider-arrow-x-offset: 10px;--gutenslider-arrow-x-offset-md: 10px;--gutenslider-arrow-x-offset-sm: 10px;--gutenslider-arrow-y-offset: 0px;--gutenslider-arrow-y-offset-md: 0px;--gutenslider-arrow-y-offset-sm: 0px;--gutenslider-arrow-x-spacing: 0px;--gutenslider-dot-y-offset: 51px;--gutenslider-dot-y-offset-md: 51px;--gutenslider-dot-y-offset-sm: 51px;--gutenslider-margin-x: 0px;--gutenslider-margin-x-md: 0px;--gutenslider-margin-x-sm: 0px;--gutenslider-margin-y: 0px;--gutenslider-margin-y-md: 0px;--gutenslider-margin-y-sm: 0px;--gutenslider-divider-top: 60px;--gutenslider-divider-bottom: 60px;--gutenslider-lightgallery-bg: #ffffff;--gutenslider-lightgallery-font: #000000;--gs-first-pos: 47% 6%;--gs-gap-vertical: var( --wp--style--gallery-gap-default, var( --gallery-block--gutter-size, var( --wp--style--block-gap, 0.5em ) ) );--gs-gap-horizontal: var( --wp--style--gallery-gap-default, var( --gallery-block--gutter-size, var( --wp--style--block-gap, 0.5em ) ) );\"><div class=\"gutenslider-divider-top\" style=\"color:var(--nv-primary-accent);\"><\/div><div class=\"swiper\" data-settings='{\"autoplay\":{\"delay\":3000,\"pauseOnMouseEnter\":false,\"disableOnInteraction\":true},\"speed\":700,\"direction\":\"horizontal\",\"autoHeight\":\"1\",\"loop\":true,\"centeredSlides\":true,\"spaceBetween\":0,\"slidesPerView\":1,\"slidesPerGroup\":1,\"effect\":\"slide\",\"coverflowEffect\":{\"rotate\":30,\"slideShadows\":false,\"depth\":100,\"stretch\":50,\"modifier\":1},\"fadeEffect\":{\"crossFade\":true},\"zoom\":\"\",\"navigation\":{\"nextEl\":\"#gutenslider-3i4ewx0qg .eedee-gutenslider-next\",\"prevEl\":\"#gutenslider-3i4ewx0qg .eedee-gutenslider-prev\"},\"pagination\":{\"type\":\"bullets\",\"clickable\":true,\"dynamicBullets\":false,\"el\":\"#gutenslider-3i4ewx0qg .eedee-gutenslider-pagination\"},\"pauseOnHover\":\"\",\"watchSlidesProgress\":true,\"watchSlidesVisibility\":true,\"settingsMd\":{\"autoHeight\":\"1\",\"slidesPerView\":1,\"slidesPerGroup\":1,\"spaceBetween\":0,\"loop\":true},\"settingsLg\":{\"autoHeight\":\"1\",\"slidesPerView\":1,\"slidesPerGroup\":1,\"spaceBetween\":0,\"loop\":true},\"hasLg\":false,\"hasLgCounter\":true,\"isFullScreen\":false,\"arrowsFollowMouse\":false,\"lgTitle\":\"none\",\"lgCaption\":\"none\",\"lgThumbnails\":true,\"lgZoomEnabled\":false,\"keyboard\":false,\"hashNavigation\":false,\"dividers\":false}'><div class=\"swiper-wrapper\">\n<div class=\"swiper-slide wp-block-eedee-block-gutenslide is-position-center-center ed-bg-image\" style=\"--ed-vw:300;--ed-vh:88;\" data-hash=\"\"><div class=\"eedee-background-div bg-image\"><img loading=\"lazy\" width=\"1878\" height=\"550\" class=\"wp-image-3359\" src=\"https:\/\/raluxsolar.com\/2023\/wp-content\/uploads\/2024\/02\/fondobanner.jpg\" alt=\"\" decoding=\"async\" style=\"object-fit: none; object-position: 47% 6%;\"  data-title=\"fondobanner\" srcset=\"https:\/\/raluxsolar.com\/2023\/wp-content\/uploads\/2024\/02\/fondobanner.jpg 1878w, https:\/\/raluxsolar.com\/2023\/wp-content\/uploads\/2024\/02\/fondobanner-300x88.jpg 300w, https:\/\/raluxsolar.com\/2023\/wp-content\/uploads\/2024\/02\/fondobanner-1024x300.jpg 1024w, https:\/\/raluxsolar.com\/2023\/wp-content\/uploads\/2024\/02\/fondobanner-768x225.jpg 768w, https:\/\/raluxsolar.com\/2023\/wp-content\/uploads\/2024\/02\/fondobanner-50x15.jpg 50w, https:\/\/raluxsolar.com\/2023\/wp-content\/uploads\/2024\/02\/fondobanner-1600x469.jpg 1600w, https:\/\/raluxsolar.com\/2023\/wp-content\/uploads\/2024\/02\/fondobanner-1536x450.jpg 1536w\" sizes=\"auto, (max-width: 1878px) 100vw, 1878px\" \/><div class=\"eedee-background-div__overlay\" style=\"opacity:1;\"><\/div><\/div><div class=\"slide-content\">\n\n<div class=\"wp-block-cover alignfull\" style=\"min-height:450px;aspect-ratio:unset;\"><span aria-hidden=\"true\" class=\"wp-block-cover__background has-nv-dark-bg-background-color has-background-dim\"><\/span><img loading=\"lazy\" decoding=\"async\" width=\"1024\" height=\"576\" class=\"wp-block-cover__image-background wp-image-1796\" alt=\"\" src=\"https:\/\/raluxsolar.com\/2023\/wp-content\/uploads\/2023\/12\/Energia-solar-proyecto-ISA-medellin-colombia.jpg\" data-object-fit=\"cover\" srcset=\"https:\/\/raluxsolar.com\/2023\/wp-content\/uploads\/2023\/12\/Energia-solar-proyecto-ISA-medellin-colombia.jpg 1024w, https:\/\/raluxsolar.com\/2023\/wp-content\/uploads\/2023\/12\/Energia-solar-proyecto-ISA-medellin-colombia-300x169.jpg 300w, https:\/\/raluxsolar.com\/2023\/wp-content\/uploads\/2023\/12\/Energia-solar-proyecto-ISA-medellin-colombia-768x432.jpg 768w\" sizes=\"auto, (max-width: 1024px) 100vw, 1024px\" \/><div class=\"wp-block-cover__inner-container is-layout-constrained wp-block-cover-is-layout-constrained\">\n<div class=\"wp-block-columns are-vertically-aligned-center is-layout-flex wp-container-core-columns-is-layout-9d6595d7 wp-block-columns-is-layout-flex\">\n<div class=\"wp-block-column is-vertically-aligned-center is-layout-flow wp-block-column-is-layout-flow\" style=\"flex-basis:15%\"><\/div>\n\n\n\n<div class=\"wp-block-column is-vertically-aligned-center is-layout-flow wp-block-column-is-layout-flow\">\n<div class=\"wp-block-group is-vertical is-content-justification-center is-layout-flex wp-container-core-group-is-layout-7681721f wp-block-group-is-layout-flex\">\n<p class=\"has-text-align-center has-nv-site-bg-color has-text-color\" style=\"font-size:50px;font-style:normal;font-weight:700;letter-spacing:0px;line-height:0.8;text-transform:uppercase\"><strong>ISA Conexiones<\/strong><\/p>\n\n\n\n<p class=\"has-text-align-center has-text-color\" style=\"color:#c9c9c9;font-size:40px;font-style:normal;font-weight:700;letter-spacing:0px;line-height:0.8;text-transform:uppercase\">mEDELL\u00cdN, COLOMBIA<\/p>\n\n\n\n<p class=\"has-text-align-center has-nv-site-bg-color has-text-color has-link-color wp-elements-a0cfce9f51aaf889f3c73a71e1ae0404\" style=\"font-size:35px;font-style:normal;font-weight:300;letter-spacing:0px;line-height:1.4;text-decoration:none;text-transform:none\">499KW<\/p>\n<\/div>\n<\/div>\n\n\n\n<div class=\"wp-block-column is-vertically-aligned-center is-layout-flow wp-block-column-is-layout-flow\" style=\"flex-basis:15%\"><\/div>\n<\/div>\n<\/div><\/div>\n\n<\/div><\/div>\n\n<div class=\"swiper-slide wp-block-eedee-block-gutenslide is-position-center-center ed-bg-image\" style=\"--ed-vw:300;--ed-vh:88;\" data-hash=\"\"><div class=\"eedee-background-div bg-image\"><img loading=\"lazy\" width=\"1878\" height=\"550\" class=\"wp-image-3359\" src=\"https:\/\/raluxsolar.com\/2023\/wp-content\/uploads\/2024\/02\/fondobanner.jpg\" alt=\"\" decoding=\"async\" style=\"object-fit: none; object-position: 47% 6%;\"  data-title=\"fondobanner\" srcset=\"https:\/\/raluxsolar.com\/2023\/wp-content\/uploads\/2024\/02\/fondobanner.jpg 1878w, https:\/\/raluxsolar.com\/2023\/wp-content\/uploads\/2024\/02\/fondobanner-300x88.jpg 300w, https:\/\/raluxsolar.com\/2023\/wp-content\/uploads\/2024\/02\/fondobanner-1024x300.jpg 1024w, https:\/\/raluxsolar.com\/2023\/wp-content\/uploads\/2024\/02\/fondobanner-768x225.jpg 768w, https:\/\/raluxsolar.com\/2023\/wp-content\/uploads\/2024\/02\/fondobanner-50x15.jpg 50w, https:\/\/raluxsolar.com\/2023\/wp-content\/uploads\/2024\/02\/fondobanner-1600x469.jpg 1600w, https:\/\/raluxsolar.com\/2023\/wp-content\/uploads\/2024\/02\/fondobanner-1536x450.jpg 1536w\" sizes=\"auto, (max-width: 1878px) 100vw, 1878px\" \/><div class=\"eedee-background-div__overlay\" style=\"opacity:1;\"><\/div><\/div><div class=\"slide-content\">\n\n<div class=\"wp-block-cover alignfull\" style=\"min-height:450px;aspect-ratio:unset;\"><span aria-hidden=\"true\" class=\"wp-block-cover__background has-nv-dark-bg-background-color has-background-dim\"><\/span><img loading=\"lazy\" decoding=\"async\" width=\"1024\" height=\"576\" class=\"wp-block-cover__image-background wp-image-1918\" alt=\"\" src=\"https:\/\/raluxsolar.com\/2023\/wp-content\/uploads\/2023\/12\/Progetti_13_Oma_02-1024x576-1.jpg\" data-object-fit=\"cover\" srcset=\"https:\/\/raluxsolar.com\/2023\/wp-content\/uploads\/2023\/12\/Progetti_13_Oma_02-1024x576-1.jpg 1024w, https:\/\/raluxsolar.com\/2023\/wp-content\/uploads\/2023\/12\/Progetti_13_Oma_02-1024x576-1-300x169.jpg 300w, https:\/\/raluxsolar.com\/2023\/wp-content\/uploads\/2023\/12\/Progetti_13_Oma_02-1024x576-1-768x432.jpg 768w\" sizes=\"auto, (max-width: 1024px) 100vw, 1024px\" \/><div class=\"wp-block-cover__inner-container is-layout-constrained wp-block-cover-is-layout-constrained\">\n<div class=\"wp-block-columns are-vertically-aligned-center is-layout-flex wp-container-core-columns-is-layout-9d6595d7 wp-block-columns-is-layout-flex\">\n<div class=\"wp-block-column is-vertically-aligned-center is-layout-flow wp-block-column-is-layout-flow\" style=\"flex-basis:15%\"><\/div>\n\n\n\n<div class=\"wp-block-column is-vertically-aligned-center is-layout-flow wp-block-column-is-layout-flow\">\n<div class=\"wp-block-group is-vertical is-content-justification-center is-layout-flex wp-container-core-group-is-layout-7681721f wp-block-group-is-layout-flex\">\n<p class=\"has-text-align-center has-nv-site-bg-color has-text-color\" style=\"font-size:50px;font-style:normal;font-weight:700;letter-spacing:0px;line-height:0.8;text-transform:uppercase\"><strong>OMA<\/strong><\/p>\n\n\n\n<p class=\"has-text-align-center has-text-color\" style=\"color:#d6d6d6;font-size:40px;font-style:normal;font-weight:700;letter-spacing:0px;line-height:0.8;text-transform:uppercase\">M\u00c9XICO, M\u00c9XICO<\/p>\n\n\n\n<p class=\"has-text-align-center has-nv-site-bg-color has-text-color has-link-color wp-elements-fd9d355df36d50f452b76234d2e4303d\" style=\"font-size:35px;font-style:normal;font-weight:300;letter-spacing:0px;line-height:1.4;text-decoration:none;text-transform:none\">2.34MW<\/p>\n<\/div>\n<\/div>\n\n\n\n<div class=\"wp-block-column is-vertically-aligned-center is-layout-flow wp-block-column-is-layout-flow\" style=\"flex-basis:15%\"><\/div>\n<\/div>\n<\/div><\/div>\n\n<\/div><\/div>\n\n<div class=\"swiper-slide wp-block-eedee-block-gutenslide is-position-center-center ed-bg-image\" style=\"--ed-vw:300;--ed-vh:88;\" data-hash=\"\"><div class=\"eedee-background-div bg-image\"><img loading=\"lazy\" width=\"1878\" height=\"550\" class=\"wp-image-3359\" src=\"https:\/\/raluxsolar.com\/2023\/wp-content\/uploads\/2024\/02\/fondobanner.jpg\" alt=\"\" decoding=\"async\" style=\"object-fit: none; object-position: 47% 6%;\"  data-title=\"fondobanner\" srcset=\"https:\/\/raluxsolar.com\/2023\/wp-content\/uploads\/2024\/02\/fondobanner.jpg 1878w, https:\/\/raluxsolar.com\/2023\/wp-content\/uploads\/2024\/02\/fondobanner-300x88.jpg 300w, https:\/\/raluxsolar.com\/2023\/wp-content\/uploads\/2024\/02\/fondobanner-1024x300.jpg 1024w, https:\/\/raluxsolar.com\/2023\/wp-content\/uploads\/2024\/02\/fondobanner-768x225.jpg 768w, https:\/\/raluxsolar.com\/2023\/wp-content\/uploads\/2024\/02\/fondobanner-50x15.jpg 50w, https:\/\/raluxsolar.com\/2023\/wp-content\/uploads\/2024\/02\/fondobanner-1600x469.jpg 1600w, https:\/\/raluxsolar.com\/2023\/wp-content\/uploads\/2024\/02\/fondobanner-1536x450.jpg 1536w\" sizes=\"auto, (max-width: 1878px) 100vw, 1878px\" \/><div class=\"eedee-background-div__overlay\" style=\"opacity:1;\"><\/div><\/div><div class=\"slide-content\">\n\n<div class=\"wp-block-cover alignfull\" style=\"min-height:450px;aspect-ratio:unset;\"><span aria-hidden=\"true\" class=\"wp-block-cover__background has-nv-dark-bg-background-color has-background-dim\"><\/span><img loading=\"lazy\" decoding=\"async\" width=\"1024\" height=\"576\" class=\"wp-block-cover__image-background wp-image-1916\" alt=\"\" src=\"https:\/\/raluxsolar.com\/2023\/wp-content\/uploads\/2023\/12\/Progetti_06_Inox_02-1024x576-1.jpg\" data-object-fit=\"cover\" srcset=\"https:\/\/raluxsolar.com\/2023\/wp-content\/uploads\/2023\/12\/Progetti_06_Inox_02-1024x576-1.jpg 1024w, https:\/\/raluxsolar.com\/2023\/wp-content\/uploads\/2023\/12\/Progetti_06_Inox_02-1024x576-1-300x169.jpg 300w, https:\/\/raluxsolar.com\/2023\/wp-content\/uploads\/2023\/12\/Progetti_06_Inox_02-1024x576-1-768x432.jpg 768w\" sizes=\"auto, (max-width: 1024px) 100vw, 1024px\" \/><div class=\"wp-block-cover__inner-container is-layout-constrained wp-block-cover-is-layout-constrained\">\n<div class=\"wp-block-columns are-vertically-aligned-center is-layout-flex wp-container-core-columns-is-layout-9d6595d7 wp-block-columns-is-layout-flex\">\n<div class=\"wp-block-column is-vertically-aligned-center is-layout-flow wp-block-column-is-layout-flow\" style=\"flex-basis:15%\"><\/div>\n\n\n\n<div class=\"wp-block-column is-vertically-aligned-center is-layout-flow wp-block-column-is-layout-flow\">\n<div class=\"wp-block-group is-vertical is-content-justification-center is-layout-flex wp-container-core-group-is-layout-7681721f wp-block-group-is-layout-flex\">\n<p class=\"has-text-align-center has-nv-site-bg-color has-text-color\" style=\"font-size:50px;font-style:normal;font-weight:700;letter-spacing:0px;line-height:0.8;text-transform:uppercase\"><strong>INOX MARKET<\/strong><\/p>\n\n\n\n<p class=\"has-text-align-center has-text-color\" style=\"color:#d6d6d6;font-size:40px;font-style:normal;font-weight:700;letter-spacing:0px;line-height:0.8;text-transform:uppercase\">QUER\u00c9TARO, M\u00c9XICO<\/p>\n\n\n\n<p class=\"has-text-align-center has-nv-site-bg-color has-text-color has-link-color wp-elements-9e23fd8423f82b91d4a48f690e8c7e39\" style=\"font-size:35px;font-style:normal;font-weight:300;letter-spacing:0px;line-height:1.4;text-decoration:none;text-transform:none\">599KW<\/p>\n<\/div>\n<\/div>\n\n\n\n<div class=\"wp-block-column is-vertically-aligned-center is-layout-flow wp-block-column-is-layout-flow\" style=\"flex-basis:15%\"><\/div>\n<\/div>\n<\/div><\/div>\n\n<\/div><\/div>\n\n<div class=\"swiper-slide wp-block-eedee-block-gutenslide is-position-center-center ed-bg-image\" style=\"--ed-vw:300;--ed-vh:88;\" data-hash=\"\"><div class=\"eedee-background-div bg-image\"><img loading=\"lazy\" width=\"1878\" height=\"550\" class=\"wp-image-3359\" src=\"https:\/\/raluxsolar.com\/2023\/wp-content\/uploads\/2024\/02\/fondobanner.jpg\" alt=\"\" decoding=\"async\" style=\"object-fit: none; object-position: 47% 6%;\"  data-title=\"fondobanner\" srcset=\"https:\/\/raluxsolar.com\/2023\/wp-content\/uploads\/2024\/02\/fondobanner.jpg 1878w, https:\/\/raluxsolar.com\/2023\/wp-content\/uploads\/2024\/02\/fondobanner-300x88.jpg 300w, https:\/\/raluxsolar.com\/2023\/wp-content\/uploads\/2024\/02\/fondobanner-1024x300.jpg 1024w, https:\/\/raluxsolar.com\/2023\/wp-content\/uploads\/2024\/02\/fondobanner-768x225.jpg 768w, https:\/\/raluxsolar.com\/2023\/wp-content\/uploads\/2024\/02\/fondobanner-50x15.jpg 50w, https:\/\/raluxsolar.com\/2023\/wp-content\/uploads\/2024\/02\/fondobanner-1600x469.jpg 1600w, https:\/\/raluxsolar.com\/2023\/wp-content\/uploads\/2024\/02\/fondobanner-1536x450.jpg 1536w\" sizes=\"auto, (max-width: 1878px) 100vw, 1878px\" \/><div class=\"eedee-background-div__overlay\" style=\"opacity:1;\"><\/div><\/div><div class=\"slide-content\">\n\n<div class=\"wp-block-cover alignfull\" style=\"min-height:450px;aspect-ratio:unset;\"><span aria-hidden=\"true\" class=\"wp-block-cover__background has-nv-dark-bg-background-color has-background-dim\"><\/span><img loading=\"lazy\" decoding=\"async\" width=\"1024\" height=\"576\" class=\"wp-block-cover__image-background wp-image-1798\" alt=\"\" src=\"https:\/\/raluxsolar.com\/2023\/wp-content\/uploads\/2023\/12\/monterrey-mexico-399KW.jpg\" data-object-fit=\"cover\" srcset=\"https:\/\/raluxsolar.com\/2023\/wp-content\/uploads\/2023\/12\/monterrey-mexico-399KW.jpg 1024w, https:\/\/raluxsolar.com\/2023\/wp-content\/uploads\/2023\/12\/monterrey-mexico-399KW-300x169.jpg 300w, https:\/\/raluxsolar.com\/2023\/wp-content\/uploads\/2023\/12\/monterrey-mexico-399KW-768x432.jpg 768w\" sizes=\"auto, (max-width: 1024px) 100vw, 1024px\" \/><div class=\"wp-block-cover__inner-container is-layout-constrained wp-block-cover-is-layout-constrained\">\n<div class=\"wp-block-columns are-vertically-aligned-center is-layout-flex wp-container-core-columns-is-layout-9d6595d7 wp-block-columns-is-layout-flex\">\n<div class=\"wp-block-column is-vertically-aligned-center is-layout-flow wp-block-column-is-layout-flow\" style=\"flex-basis:15%\"><\/div>\n\n\n\n<div class=\"wp-block-column is-vertically-aligned-center is-layout-flow wp-block-column-is-layout-flow\">\n<div class=\"wp-block-group is-vertical is-content-justification-center is-layout-flex wp-container-core-group-is-layout-7681721f wp-block-group-is-layout-flex\">\n<p class=\"has-text-align-center has-nv-site-bg-color has-text-color\" style=\"font-size:50px;font-style:normal;font-weight:700;letter-spacing:0px;line-height:0.8;text-transform:uppercase\"><strong>OMPI<\/strong><\/p>\n\n\n\n<p class=\"has-text-align-center has-text-color\" style=\"color:#d6d6d6;font-size:40px;font-style:normal;font-weight:700;letter-spacing:0px;line-height:0.8;text-transform:uppercase\">MONTERREY, M\u00c9XICO<\/p>\n\n\n\n<p class=\"has-text-align-center has-nv-site-bg-color has-text-color has-link-color wp-elements-ea69ea2a6e6ed77f2a73a03b3777b18d\" style=\"font-size:35px;font-style:normal;font-weight:300;letter-spacing:0px;line-height:1.4;text-decoration:none;text-transform:none\">399KW<\/p>\n<\/div>\n<\/div>\n\n\n\n<div class=\"wp-block-column is-vertically-aligned-center is-layout-flow wp-block-column-is-layout-flow\" style=\"flex-basis:15%\"><\/div>\n<\/div>\n<\/div><\/div>\n\n<\/div><\/div>\n\n<div class=\"swiper-slide wp-block-eedee-block-gutenslide is-position-center-center ed-bg-image\" style=\"--ed-vw:300;--ed-vh:88;\" data-hash=\"\"><div class=\"eedee-background-div bg-image\"><img loading=\"lazy\" width=\"1878\" height=\"550\" class=\"wp-image-3359\" src=\"https:\/\/raluxsolar.com\/2023\/wp-content\/uploads\/2024\/02\/fondobanner.jpg\" alt=\"\" decoding=\"async\" style=\"object-fit: none; object-position: 47% 6%;\"  data-title=\"fondobanner\" srcset=\"https:\/\/raluxsolar.com\/2023\/wp-content\/uploads\/2024\/02\/fondobanner.jpg 1878w, https:\/\/raluxsolar.com\/2023\/wp-content\/uploads\/2024\/02\/fondobanner-300x88.jpg 300w, https:\/\/raluxsolar.com\/2023\/wp-content\/uploads\/2024\/02\/fondobanner-1024x300.jpg 1024w, https:\/\/raluxsolar.com\/2023\/wp-content\/uploads\/2024\/02\/fondobanner-768x225.jpg 768w, https:\/\/raluxsolar.com\/2023\/wp-content\/uploads\/2024\/02\/fondobanner-50x15.jpg 50w, https:\/\/raluxsolar.com\/2023\/wp-content\/uploads\/2024\/02\/fondobanner-1600x469.jpg 1600w, https:\/\/raluxsolar.com\/2023\/wp-content\/uploads\/2024\/02\/fondobanner-1536x450.jpg 1536w\" sizes=\"auto, (max-width: 1878px) 100vw, 1878px\" \/><div class=\"eedee-background-div__overlay\" style=\"opacity:1;\"><\/div><\/div><div class=\"slide-content\">\n\n<div class=\"wp-block-cover alignfull\" style=\"min-height:450px;aspect-ratio:unset;\"><span aria-hidden=\"true\" class=\"wp-block-cover__background has-nv-dark-bg-background-color has-background-dim\"><\/span><img loading=\"lazy\" decoding=\"async\" width=\"1024\" height=\"576\" class=\"wp-block-cover__image-background wp-image-1912\" alt=\"\" src=\"https:\/\/raluxsolar.com\/2023\/wp-content\/uploads\/2023\/12\/Progetti_01_Coppel_02-1024x576-1.jpg\" data-object-fit=\"cover\" srcset=\"https:\/\/raluxsolar.com\/2023\/wp-content\/uploads\/2023\/12\/Progetti_01_Coppel_02-1024x576-1.jpg 1024w, https:\/\/raluxsolar.com\/2023\/wp-content\/uploads\/2023\/12\/Progetti_01_Coppel_02-1024x576-1-300x169.jpg 300w, https:\/\/raluxsolar.com\/2023\/wp-content\/uploads\/2023\/12\/Progetti_01_Coppel_02-1024x576-1-768x432.jpg 768w\" sizes=\"auto, (max-width: 1024px) 100vw, 1024px\" \/><div class=\"wp-block-cover__inner-container is-layout-constrained wp-block-cover-is-layout-constrained\">\n<div class=\"wp-block-columns are-vertically-aligned-center is-layout-flex wp-container-core-columns-is-layout-9d6595d7 wp-block-columns-is-layout-flex\">\n<div class=\"wp-block-column is-vertically-aligned-center is-layout-flow wp-block-column-is-layout-flow\" style=\"flex-basis:15%\"><\/div>\n\n\n\n<div class=\"wp-block-column is-vertically-aligned-center is-layout-flow wp-block-column-is-layout-flow\">\n<div class=\"wp-block-group is-vertical is-content-justification-center is-layout-flex wp-container-core-group-is-layout-7681721f wp-block-group-is-layout-flex\">\n<p class=\"has-text-align-center has-nv-site-bg-color has-text-color\" style=\"font-size:50px;font-style:normal;font-weight:700;letter-spacing:0px;line-height:0.8;text-transform:uppercase\"><strong>COPPEL<\/strong><\/p>\n\n\n\n<p class=\"has-text-align-center has-text-color\" style=\"color:#d6d6d6;font-size:40px;font-style:normal;font-weight:700;letter-spacing:0px;line-height:0.8;text-transform:uppercase\">CDMX, M\u00c9XICO<\/p>\n\n\n\n<p class=\"has-text-align-center has-nv-site-bg-color has-text-color has-link-color wp-elements-203a20cd6d650cd50fdaafb14ea16e8f\" style=\"font-size:35px;font-style:normal;font-weight:300;letter-spacing:0px;line-height:1.4;text-decoration:none;text-transform:none\">400KW<\/p>\n<\/div>\n<\/div>\n\n\n\n<div class=\"wp-block-column is-vertically-aligned-center is-layout-flow wp-block-column-is-layout-flow\" style=\"flex-basis:15%\"><\/div>\n<\/div>\n<\/div><\/div>\n\n<\/div><\/div>\n\n<div class=\"swiper-slide wp-block-eedee-block-gutenslide is-position-center-center ed-bg-image\" style=\"--ed-vw:300;--ed-vh:88;\" data-hash=\"\"><div class=\"eedee-background-div bg-image\"><img loading=\"lazy\" width=\"1878\" height=\"550\" class=\"wp-image-3359\" src=\"https:\/\/raluxsolar.com\/2023\/wp-content\/uploads\/2024\/02\/fondobanner.jpg\" alt=\"\" decoding=\"async\" style=\"object-fit: none; object-position: 47% 6%;\"  data-title=\"fondobanner\" srcset=\"https:\/\/raluxsolar.com\/2023\/wp-content\/uploads\/2024\/02\/fondobanner.jpg 1878w, https:\/\/raluxsolar.com\/2023\/wp-content\/uploads\/2024\/02\/fondobanner-300x88.jpg 300w, https:\/\/raluxsolar.com\/2023\/wp-content\/uploads\/2024\/02\/fondobanner-1024x300.jpg 1024w, https:\/\/raluxsolar.com\/2023\/wp-content\/uploads\/2024\/02\/fondobanner-768x225.jpg 768w, https:\/\/raluxsolar.com\/2023\/wp-content\/uploads\/2024\/02\/fondobanner-50x15.jpg 50w, https:\/\/raluxsolar.com\/2023\/wp-content\/uploads\/2024\/02\/fondobanner-1600x469.jpg 1600w, https:\/\/raluxsolar.com\/2023\/wp-content\/uploads\/2024\/02\/fondobanner-1536x450.jpg 1536w\" sizes=\"auto, (max-width: 1878px) 100vw, 1878px\" \/><div class=\"eedee-background-div__overlay\" style=\"opacity:1;\"><\/div><\/div><div class=\"slide-content\">\n\n<div class=\"wp-block-cover alignfull\" style=\"min-height:450px;aspect-ratio:unset;\"><span aria-hidden=\"true\" class=\"wp-block-cover__background has-nv-dark-bg-background-color has-background-dim\"><\/span><img loading=\"lazy\" decoding=\"async\" width=\"1024\" height=\"576\" class=\"wp-block-cover__image-background wp-image-1922\" alt=\"\" src=\"https:\/\/raluxsolar.com\/2023\/wp-content\/uploads\/2023\/12\/Progetti_18_ZonaFranca_02-1024x576-1.jpg\" data-object-fit=\"cover\" srcset=\"https:\/\/raluxsolar.com\/2023\/wp-content\/uploads\/2023\/12\/Progetti_18_ZonaFranca_02-1024x576-1.jpg 1024w, https:\/\/raluxsolar.com\/2023\/wp-content\/uploads\/2023\/12\/Progetti_18_ZonaFranca_02-1024x576-1-300x169.jpg 300w, https:\/\/raluxsolar.com\/2023\/wp-content\/uploads\/2023\/12\/Progetti_18_ZonaFranca_02-1024x576-1-768x432.jpg 768w\" sizes=\"auto, (max-width: 1024px) 100vw, 1024px\" \/><div class=\"wp-block-cover__inner-container is-layout-constrained wp-block-cover-is-layout-constrained\">\n<div class=\"wp-block-columns are-vertically-aligned-center is-layout-flex wp-container-core-columns-is-layout-9d6595d7 wp-block-columns-is-layout-flex\">\n<div class=\"wp-block-column is-vertically-aligned-center is-layout-flow wp-block-column-is-layout-flow\" style=\"flex-basis:15%\"><\/div>\n\n\n\n<div class=\"wp-block-column is-vertically-aligned-center is-layout-flow wp-block-column-is-layout-flow\">\n<div class=\"wp-block-group is-vertical is-content-justification-center is-layout-flex wp-container-core-group-is-layout-7681721f wp-block-group-is-layout-flex\">\n<p class=\"has-text-align-center has-nv-site-bg-color has-text-color\" style=\"font-size:50px;font-style:normal;font-weight:700;letter-spacing:0px;line-height:0.8;text-transform:uppercase\"><strong>ZONA FRANCA<\/strong><\/p>\n\n\n\n<p class=\"has-text-align-center has-text-color\" style=\"color:#d6d6d6;font-size:40px;font-style:normal;font-weight:700;letter-spacing:0px;line-height:0.8;text-transform:uppercase\">CUNDINAMARCA, COLOMBIA<\/p>\n\n\n\n<p class=\"has-text-align-center has-nv-site-bg-color has-text-color has-link-color wp-elements-bf7dfc358a8165e8a5ce90d3ef5cffec\" style=\"font-size:35px;font-style:normal;font-weight:300;letter-spacing:0px;line-height:1.4;text-decoration:none;text-transform:none\">1.8MW<\/p>\n<\/div>\n<\/div>\n\n\n\n<div class=\"wp-block-column is-vertically-aligned-center is-layout-flow wp-block-column-is-layout-flow\" style=\"flex-basis:15%\"><\/div>\n<\/div>\n<\/div><\/div>\n\n<\/div><\/div>\n\n<div class=\"swiper-slide wp-block-eedee-block-gutenslide is-position-center-center ed-bg-image\" style=\"--ed-vw:300;--ed-vh:88;\" data-hash=\"\"><div class=\"eedee-background-div bg-image\"><img loading=\"lazy\" width=\"1878\" height=\"550\" class=\"wp-image-3359\" src=\"https:\/\/raluxsolar.com\/2023\/wp-content\/uploads\/2024\/02\/fondobanner.jpg\" alt=\"\" decoding=\"async\" style=\"object-fit: none; object-position: 47% 6%;\"  data-title=\"fondobanner\" srcset=\"https:\/\/raluxsolar.com\/2023\/wp-content\/uploads\/2024\/02\/fondobanner.jpg 1878w, https:\/\/raluxsolar.com\/2023\/wp-content\/uploads\/2024\/02\/fondobanner-300x88.jpg 300w, https:\/\/raluxsolar.com\/2023\/wp-content\/uploads\/2024\/02\/fondobanner-1024x300.jpg 1024w, https:\/\/raluxsolar.com\/2023\/wp-content\/uploads\/2024\/02\/fondobanner-768x225.jpg 768w, https:\/\/raluxsolar.com\/2023\/wp-content\/uploads\/2024\/02\/fondobanner-50x15.jpg 50w, https:\/\/raluxsolar.com\/2023\/wp-content\/uploads\/2024\/02\/fondobanner-1600x469.jpg 1600w, https:\/\/raluxsolar.com\/2023\/wp-content\/uploads\/2024\/02\/fondobanner-1536x450.jpg 1536w\" sizes=\"auto, (max-width: 1878px) 100vw, 1878px\" \/><div class=\"eedee-background-div__overlay\" style=\"opacity:1;\"><\/div><\/div><div class=\"slide-content\">\n\n<div class=\"wp-block-cover alignfull\" style=\"min-height:450px;aspect-ratio:unset;\"><span aria-hidden=\"true\" class=\"wp-block-cover__background has-nv-dark-bg-background-color has-background-dim\"><\/span><img loading=\"lazy\" decoding=\"async\" width=\"1024\" height=\"576\" class=\"wp-block-cover__image-background wp-image-1920\" alt=\"\" src=\"https:\/\/raluxsolar.com\/2023\/wp-content\/uploads\/2023\/12\/Progetti_05_Fima_02-1024x576-1.jpg\" data-object-fit=\"cover\" srcset=\"https:\/\/raluxsolar.com\/2023\/wp-content\/uploads\/2023\/12\/Progetti_05_Fima_02-1024x576-1.jpg 1024w, https:\/\/raluxsolar.com\/2023\/wp-content\/uploads\/2023\/12\/Progetti_05_Fima_02-1024x576-1-300x169.jpg 300w, https:\/\/raluxsolar.com\/2023\/wp-content\/uploads\/2023\/12\/Progetti_05_Fima_02-1024x576-1-768x432.jpg 768w\" sizes=\"auto, (max-width: 1024px) 100vw, 1024px\" \/><div class=\"wp-block-cover__inner-container is-layout-constrained wp-block-cover-is-layout-constrained\">\n<div class=\"wp-block-columns are-vertically-aligned-center is-layout-flex wp-container-core-columns-is-layout-9d6595d7 wp-block-columns-is-layout-flex\">\n<div class=\"wp-block-column is-vertically-aligned-center is-layout-flow wp-block-column-is-layout-flow\" style=\"flex-basis:15%\"><\/div>\n\n\n\n<div class=\"wp-block-column is-vertically-aligned-center is-layout-flow wp-block-column-is-layout-flow\">\n<div class=\"wp-block-group is-vertical is-content-justification-center is-layout-flex wp-container-core-group-is-layout-7681721f wp-block-group-is-layout-flex\">\n<p class=\"has-text-align-center has-nv-site-bg-color has-text-color\" style=\"font-size:50px;font-style:normal;font-weight:700;letter-spacing:0px;line-height:0.8;text-transform:uppercase\"><strong>FIMA<\/strong><\/p>\n\n\n\n<p class=\"has-text-align-center has-text-color\" style=\"color:#d6d6d6;font-size:40px;font-style:normal;font-weight:700;letter-spacing:0px;line-height:0.8;text-transform:uppercase\">MONTERREY, M\u00c9XICO<\/p>\n\n\n\n<p class=\"has-text-align-center has-nv-site-bg-color has-text-color has-link-color wp-elements-9e23fd8423f82b91d4a48f690e8c7e39\" style=\"font-size:35px;font-style:normal;font-weight:300;letter-spacing:0px;line-height:1.4;text-decoration:none;text-transform:none\">599KW<\/p>\n<\/div>\n<\/div>\n\n\n\n<div class=\"wp-block-column is-vertically-aligned-center is-layout-flow wp-block-column-is-layout-flow\" style=\"flex-basis:15%\"><\/div>\n<\/div>\n<\/div><\/div>\n\n<\/div><\/div>\n\n<div class=\"swiper-slide wp-block-eedee-block-gutenslide is-position-center-center ed-bg-image\" style=\"--ed-vw:300;--ed-vh:88;\" data-hash=\"\"><div class=\"eedee-background-div bg-image\"><img loading=\"lazy\" width=\"1878\" height=\"550\" class=\"wp-image-3359\" src=\"https:\/\/raluxsolar.com\/2023\/wp-content\/uploads\/2024\/02\/fondobanner.jpg\" alt=\"\" decoding=\"async\" style=\"object-fit: none; object-position: 47% 6%;\"  data-title=\"fondobanner\" srcset=\"https:\/\/raluxsolar.com\/2023\/wp-content\/uploads\/2024\/02\/fondobanner.jpg 1878w, https:\/\/raluxsolar.com\/2023\/wp-content\/uploads\/2024\/02\/fondobanner-300x88.jpg 300w, https:\/\/raluxsolar.com\/2023\/wp-content\/uploads\/2024\/02\/fondobanner-1024x300.jpg 1024w, https:\/\/raluxsolar.com\/2023\/wp-content\/uploads\/2024\/02\/fondobanner-768x225.jpg 768w, https:\/\/raluxsolar.com\/2023\/wp-content\/uploads\/2024\/02\/fondobanner-50x15.jpg 50w, https:\/\/raluxsolar.com\/2023\/wp-content\/uploads\/2024\/02\/fondobanner-1600x469.jpg 1600w, https:\/\/raluxsolar.com\/2023\/wp-content\/uploads\/2024\/02\/fondobanner-1536x450.jpg 1536w\" sizes=\"auto, (max-width: 1878px) 100vw, 1878px\" \/><div class=\"eedee-background-div__overlay\" style=\"opacity:1;\"><\/div><\/div><div class=\"slide-content\">\n\n<div class=\"wp-block-cover alignfull\" style=\"min-height:450px;aspect-ratio:unset;\"><span aria-hidden=\"true\" class=\"wp-block-cover__background has-nv-dark-bg-background-color has-background-dim\"><\/span><img loading=\"lazy\" decoding=\"async\" width=\"1024\" height=\"576\" class=\"wp-block-cover__image-background wp-image-1794\" alt=\"\" src=\"https:\/\/raluxsolar.com\/2023\/wp-content\/uploads\/2023\/12\/baja-california-mexico-599KW.jpg\" data-object-fit=\"cover\" srcset=\"https:\/\/raluxsolar.com\/2023\/wp-content\/uploads\/2023\/12\/baja-california-mexico-599KW.jpg 1024w, https:\/\/raluxsolar.com\/2023\/wp-content\/uploads\/2023\/12\/baja-california-mexico-599KW-300x169.jpg 300w, https:\/\/raluxsolar.com\/2023\/wp-content\/uploads\/2023\/12\/baja-california-mexico-599KW-768x432.jpg 768w\" sizes=\"auto, (max-width: 1024px) 100vw, 1024px\" \/><div class=\"wp-block-cover__inner-container is-layout-constrained wp-block-cover-is-layout-constrained\">\n<div class=\"wp-block-columns are-vertically-aligned-center is-layout-flex wp-container-core-columns-is-layout-9d6595d7 wp-block-columns-is-layout-flex\">\n<div class=\"wp-block-column is-vertically-aligned-center is-layout-flow wp-block-column-is-layout-flow\" style=\"flex-basis:15%\"><\/div>\n\n\n\n<div class=\"wp-block-column is-vertically-aligned-center is-layout-flow wp-block-column-is-layout-flow\">\n<div class=\"wp-block-group is-vertical is-content-justification-center is-layout-flex wp-container-core-group-is-layout-7681721f wp-block-group-is-layout-flex\">\n<p class=\"has-text-align-center has-nv-site-bg-color has-text-color\" style=\"font-size:50px;font-style:normal;font-weight:700;letter-spacing:0px;line-height:0.8;text-transform:uppercase\"><strong>LA TOBA<\/strong><\/p>\n\n\n\n<p class=\"has-text-align-center has-text-color\" style=\"color:#d6d6d6;font-size:40px;font-style:normal;font-weight:700;letter-spacing:0px;line-height:0.8;text-transform:uppercase\">BAJA CALIFORNIA, M\u00c9XICO<\/p>\n\n\n\n<p class=\"has-text-align-center has-nv-site-bg-color has-text-color has-link-color wp-elements-9e23fd8423f82b91d4a48f690e8c7e39\" style=\"font-size:35px;font-style:normal;font-weight:300;letter-spacing:0px;line-height:1.4;text-decoration:none;text-transform:none\">599KW<\/p>\n<\/div>\n<\/div>\n\n\n\n<div class=\"wp-block-column is-vertically-aligned-center is-layout-flow wp-block-column-is-layout-flow\" style=\"flex-basis:15%\"><\/div>\n<\/div>\n<\/div><\/div>\n\n<\/div><\/div>\n\n<div class=\"swiper-slide wp-block-eedee-block-gutenslide is-position-center-center ed-bg-image\" style=\"--ed-vw:300;--ed-vh:88;\" data-hash=\"\"><div class=\"eedee-background-div bg-image\"><img loading=\"lazy\" width=\"1878\" height=\"550\" class=\"wp-image-3359\" src=\"https:\/\/raluxsolar.com\/2023\/wp-content\/uploads\/2024\/02\/fondobanner.jpg\" alt=\"\" decoding=\"async\" style=\"object-fit: none; object-position: 47% 6%;\"  data-title=\"fondobanner\" srcset=\"https:\/\/raluxsolar.com\/2023\/wp-content\/uploads\/2024\/02\/fondobanner.jpg 1878w, https:\/\/raluxsolar.com\/2023\/wp-content\/uploads\/2024\/02\/fondobanner-300x88.jpg 300w, https:\/\/raluxsolar.com\/2023\/wp-content\/uploads\/2024\/02\/fondobanner-1024x300.jpg 1024w, https:\/\/raluxsolar.com\/2023\/wp-content\/uploads\/2024\/02\/fondobanner-768x225.jpg 768w, https:\/\/raluxsolar.com\/2023\/wp-content\/uploads\/2024\/02\/fondobanner-50x15.jpg 50w, https:\/\/raluxsolar.com\/2023\/wp-content\/uploads\/2024\/02\/fondobanner-1600x469.jpg 1600w, https:\/\/raluxsolar.com\/2023\/wp-content\/uploads\/2024\/02\/fondobanner-1536x450.jpg 1536w\" sizes=\"auto, (max-width: 1878px) 100vw, 1878px\" \/><div class=\"eedee-background-div__overlay\" style=\"opacity:1;\"><\/div><\/div><div class=\"slide-content\">\n\n<div class=\"wp-block-cover alignfull\" style=\"min-height:450px;aspect-ratio:unset;\"><span aria-hidden=\"true\" class=\"wp-block-cover__background has-nv-dark-bg-background-color has-background-dim\"><\/span><img loading=\"lazy\" decoding=\"async\" width=\"1024\" height=\"576\" class=\"wp-block-cover__image-background wp-image-1930\" alt=\"\" src=\"https:\/\/raluxsolar.com\/2023\/wp-content\/uploads\/2024\/01\/Progetti_14_PlazaCentral_02-1024x576-1.jpg\" data-object-fit=\"cover\" srcset=\"https:\/\/raluxsolar.com\/2023\/wp-content\/uploads\/2024\/01\/Progetti_14_PlazaCentral_02-1024x576-1.jpg 1024w, https:\/\/raluxsolar.com\/2023\/wp-content\/uploads\/2024\/01\/Progetti_14_PlazaCentral_02-1024x576-1-300x169.jpg 300w, https:\/\/raluxsolar.com\/2023\/wp-content\/uploads\/2024\/01\/Progetti_14_PlazaCentral_02-1024x576-1-768x432.jpg 768w\" sizes=\"auto, (max-width: 1024px) 100vw, 1024px\" \/><div class=\"wp-block-cover__inner-container is-layout-constrained wp-block-cover-is-layout-constrained\">\n<div class=\"wp-block-columns are-vertically-aligned-center is-layout-flex wp-container-core-columns-is-layout-9d6595d7 wp-block-columns-is-layout-flex\">\n<div class=\"wp-block-column is-vertically-aligned-center is-layout-flow wp-block-column-is-layout-flow\" style=\"flex-basis:15%\"><\/div>\n\n\n\n<div class=\"wp-block-column is-vertically-aligned-center is-layout-flow wp-block-column-is-layout-flow\">\n<div class=\"wp-block-group is-vertical is-content-justification-center is-layout-flex wp-container-core-group-is-layout-7681721f wp-block-group-is-layout-flex\">\n<p class=\"has-text-align-center has-nv-site-bg-color has-text-color\" style=\"font-size:50px;font-style:normal;font-weight:700;letter-spacing:0px;line-height:0.8;text-transform:uppercase\"><strong>PLAZA CENTRAL<\/strong><\/p>\n\n\n\n<p class=\"has-text-align-center has-text-color\" style=\"color:#d6d6d6;font-size:40px;font-style:normal;font-weight:700;letter-spacing:0px;line-height:0.8;text-transform:uppercase\">BOGOT\u00c1, COLOMBIA<\/p>\n\n\n\n<p class=\"has-text-align-center has-nv-site-bg-color has-text-color has-link-color wp-elements-923e5d93346dc302748a2be20d403313\" style=\"font-size:35px;font-style:normal;font-weight:300;letter-spacing:0px;line-height:1.4;text-decoration:none;text-transform:none\">493KW<\/p>\n<\/div>\n<\/div>\n\n\n\n<div class=\"wp-block-column is-vertically-aligned-center is-layout-flow wp-block-column-is-layout-flow\" style=\"flex-basis:15%\"><\/div>\n<\/div>\n<\/div><\/div>\n\n<\/div><\/div>\n\n<div class=\"swiper-slide wp-block-eedee-block-gutenslide is-position-center-center ed-bg-image\" style=\"--ed-vw:300;--ed-vh:88;\" data-hash=\"\"><div class=\"eedee-background-div bg-image\"><img loading=\"lazy\" width=\"1878\" height=\"550\" class=\"wp-image-3359\" src=\"https:\/\/raluxsolar.com\/2023\/wp-content\/uploads\/2024\/02\/fondobanner.jpg\" alt=\"\" decoding=\"async\" style=\"object-fit: none; object-position: 47% 6%;\"  data-title=\"fondobanner\" srcset=\"https:\/\/raluxsolar.com\/2023\/wp-content\/uploads\/2024\/02\/fondobanner.jpg 1878w, https:\/\/raluxsolar.com\/2023\/wp-content\/uploads\/2024\/02\/fondobanner-300x88.jpg 300w, https:\/\/raluxsolar.com\/2023\/wp-content\/uploads\/2024\/02\/fondobanner-1024x300.jpg 1024w, https:\/\/raluxsolar.com\/2023\/wp-content\/uploads\/2024\/02\/fondobanner-768x225.jpg 768w, https:\/\/raluxsolar.com\/2023\/wp-content\/uploads\/2024\/02\/fondobanner-50x15.jpg 50w, https:\/\/raluxsolar.com\/2023\/wp-content\/uploads\/2024\/02\/fondobanner-1600x469.jpg 1600w, https:\/\/raluxsolar.com\/2023\/wp-content\/uploads\/2024\/02\/fondobanner-1536x450.jpg 1536w\" sizes=\"auto, (max-width: 1878px) 100vw, 1878px\" \/><div class=\"eedee-background-div__overlay\" style=\"opacity:1;\"><\/div><\/div><div class=\"slide-content\">\n\n<div class=\"wp-block-cover alignfull\" style=\"min-height:450px;aspect-ratio:unset;\"><span aria-hidden=\"true\" class=\"wp-block-cover__background has-nv-dark-bg-background-color has-background-dim\"><\/span><img loading=\"lazy\" decoding=\"async\" width=\"1024\" height=\"576\" class=\"wp-block-cover__image-background wp-image-1914\" alt=\"\" src=\"https:\/\/raluxsolar.com\/2023\/wp-content\/uploads\/2023\/12\/Progetti_16_Lego_02-1024x576-1.jpg\" data-object-fit=\"cover\" srcset=\"https:\/\/raluxsolar.com\/2023\/wp-content\/uploads\/2023\/12\/Progetti_16_Lego_02-1024x576-1.jpg 1024w, https:\/\/raluxsolar.com\/2023\/wp-content\/uploads\/2023\/12\/Progetti_16_Lego_02-1024x576-1-300x169.jpg 300w, https:\/\/raluxsolar.com\/2023\/wp-content\/uploads\/2023\/12\/Progetti_16_Lego_02-1024x576-1-768x432.jpg 768w\" sizes=\"auto, (max-width: 1024px) 100vw, 1024px\" \/><div class=\"wp-block-cover__inner-container is-layout-constrained wp-block-cover-is-layout-constrained\">\n<div class=\"wp-block-columns are-vertically-aligned-center is-layout-flex wp-container-core-columns-is-layout-9d6595d7 wp-block-columns-is-layout-flex\">\n<div class=\"wp-block-column is-vertically-aligned-center is-layout-flow wp-block-column-is-layout-flow\" style=\"flex-basis:15%\"><\/div>\n\n\n\n<div class=\"wp-block-column is-vertically-aligned-center is-layout-flow wp-block-column-is-layout-flow\">\n<div class=\"wp-block-group is-vertical is-content-justification-center is-layout-flex wp-container-core-group-is-layout-7681721f wp-block-group-is-layout-flex\">\n<p class=\"has-text-align-center has-nv-site-bg-color has-text-color\" style=\"font-size:50px;font-style:normal;font-weight:700;letter-spacing:0px;line-height:0.8;text-transform:uppercase\"><strong>LEGO<\/strong><\/p>\n\n\n\n<p class=\"has-text-align-center has-text-color\" style=\"color:#d6d6d6;font-size:40px;font-style:normal;font-weight:700;letter-spacing:0px;line-height:0.8;text-transform:uppercase\">MONTERREY, M\u00c9XICO<\/p>\n\n\n\n<p class=\"has-text-align-center has-nv-site-bg-color has-text-color has-link-color wp-elements-9e23fd8423f82b91d4a48f690e8c7e39\" style=\"font-size:35px;font-style:normal;font-weight:300;letter-spacing:0px;line-height:1.4;text-decoration:none;text-transform:none\">599KW<\/p>\n<\/div>\n<\/div>\n\n\n\n<div class=\"wp-block-column is-vertically-aligned-center is-layout-flow wp-block-column-is-layout-flow\" style=\"flex-basis:15%\"><\/div>\n<\/div>\n<\/div><\/div>\n\n<\/div><\/div>\n\n<div class=\"swiper-slide wp-block-eedee-block-gutenslide is-position-center-center ed-bg-image\" style=\"--ed-vw:300;--ed-vh:88;\" data-hash=\"\"><div class=\"eedee-background-div bg-image\"><img loading=\"lazy\" width=\"1878\" height=\"550\" class=\"wp-image-3359\" src=\"https:\/\/raluxsolar.com\/2023\/wp-content\/uploads\/2024\/02\/fondobanner.jpg\" alt=\"\" decoding=\"async\" style=\"object-fit: none; object-position: 47% 6%;\"  data-title=\"fondobanner\" srcset=\"https:\/\/raluxsolar.com\/2023\/wp-content\/uploads\/2024\/02\/fondobanner.jpg 1878w, https:\/\/raluxsolar.com\/2023\/wp-content\/uploads\/2024\/02\/fondobanner-300x88.jpg 300w, https:\/\/raluxsolar.com\/2023\/wp-content\/uploads\/2024\/02\/fondobanner-1024x300.jpg 1024w, https:\/\/raluxsolar.com\/2023\/wp-content\/uploads\/2024\/02\/fondobanner-768x225.jpg 768w, https:\/\/raluxsolar.com\/2023\/wp-content\/uploads\/2024\/02\/fondobanner-50x15.jpg 50w, https:\/\/raluxsolar.com\/2023\/wp-content\/uploads\/2024\/02\/fondobanner-1600x469.jpg 1600w, https:\/\/raluxsolar.com\/2023\/wp-content\/uploads\/2024\/02\/fondobanner-1536x450.jpg 1536w\" sizes=\"auto, (max-width: 1878px) 100vw, 1878px\" \/><div class=\"eedee-background-div__overlay\" style=\"opacity:1;\"><\/div><\/div><div class=\"slide-content\">\n\n<div class=\"wp-block-cover alignfull\" style=\"min-height:450px;aspect-ratio:unset;\"><span aria-hidden=\"true\" class=\"wp-block-cover__background has-nv-dark-bg-background-color has-background-dim\"><\/span><img loading=\"lazy\" decoding=\"async\" width=\"1024\" height=\"576\" class=\"wp-block-cover__image-background wp-image-1932\" alt=\"\" src=\"https:\/\/raluxsolar.com\/2023\/wp-content\/uploads\/2024\/01\/Progetti_17_MiniPet_02-1024x576-1.jpg\" data-object-fit=\"cover\" srcset=\"https:\/\/raluxsolar.com\/2023\/wp-content\/uploads\/2024\/01\/Progetti_17_MiniPet_02-1024x576-1.jpg 1024w, https:\/\/raluxsolar.com\/2023\/wp-content\/uploads\/2024\/01\/Progetti_17_MiniPet_02-1024x576-1-300x169.jpg 300w, https:\/\/raluxsolar.com\/2023\/wp-content\/uploads\/2024\/01\/Progetti_17_MiniPet_02-1024x576-1-768x432.jpg 768w\" sizes=\"auto, (max-width: 1024px) 100vw, 1024px\" \/><div class=\"wp-block-cover__inner-container is-layout-constrained wp-block-cover-is-layout-constrained\">\n<div class=\"wp-block-columns are-vertically-aligned-center is-layout-flex wp-container-core-columns-is-layout-9d6595d7 wp-block-columns-is-layout-flex\">\n<div class=\"wp-block-column is-vertically-aligned-center is-layout-flow wp-block-column-is-layout-flow\" style=\"flex-basis:15%\"><\/div>\n\n\n\n<div class=\"wp-block-column is-vertically-aligned-center is-layout-flow wp-block-column-is-layout-flow\">\n<div class=\"wp-block-group is-vertical is-content-justification-center is-layout-flex wp-container-core-group-is-layout-7681721f wp-block-group-is-layout-flex\">\n<p class=\"has-text-align-center has-nv-site-bg-color has-text-color\" style=\"font-size:50px;font-style:normal;font-weight:700;letter-spacing:0px;line-height:0.8;text-transform:uppercase\"><strong>MINI PET INDUSTRY<\/strong><\/p>\n\n\n\n<p class=\"has-text-align-center has-text-color\" style=\"color:#d6d6d6;font-size:40px;font-style:normal;font-weight:700;letter-spacing:0px;line-height:0.8;text-transform:uppercase\">GIRARDOTA, COLOMBIA<\/p>\n\n\n\n<p class=\"has-text-align-center has-nv-site-bg-color has-text-color has-link-color wp-elements-387bdeb8bb72dcd8e20cada3b85e0b9c\" style=\"font-size:35px;font-style:normal;font-weight:300;letter-spacing:0px;line-height:1.4;text-decoration:none;text-transform:none\">349KW<\/p>\n<\/div>\n<\/div>\n\n\n\n<div class=\"wp-block-column is-vertically-aligned-center is-layout-flow wp-block-column-is-layout-flow\" style=\"flex-basis:15%\"><\/div>\n<\/div>\n<\/div><\/div>\n\n<\/div><\/div>\n<\/div><\/div><button class=\"eedee-gutenslider-nav eedee-gutenslider-prev\"><svg xmlns=\"http:\/\/www.w3.org\/2000\/svg\" viewBox=\"0 0 24 24\" width=\"24\" height=\"24\"><circle class=\"bg\" cx=\"13\" cy=\"12\" r=\"11\" \/><path fill=\"none\" d=\"M0 0h24v24H0z\"\/><path class=\"arrow\" d=\"M10.828 12l4.95 4.95-1.414 1.414L8 12l6.364-6.364 1.414 1.414z\"\/><\/svg><\/button><button class=\"eedee-gutenslider-nav eedee-gutenslider-next\"><svg xmlns=\"http:\/\/www.w3.org\/2000\/svg\" viewBox=\"0 0 24 24\" width=\"24\" height=\"24\"><circle class=\"bg\" cx=\"11\" cy=\"12\" r=\"11\" \/><path fill=\"none\" d=\"M0 0h24v24H0z\"\/><path class=\"arrow\" d=\"M13.172 12l-4.95-4.95 1.414-1.414L16 12l-6.364 6.364-1.414-1.414z\"\/><\/svg><\/button><div class=\"eedee-gutenslider-pagination\"><\/div><div class=\"gutenslider-divider-bottom \" style=\"color:#fff;\"><\/div><\/div><\/div><\/div>\n<\/div>\n\n\n\n<div class=\"wp-block-cover has-parallax alignfull editorskit-no-desktop editorskit-no-tablet editorskit-no-mobile\"><span aria-hidden=\"true\" class=\"wp-block-cover__background has-nv-dark-bg-background-color has-background-dim-90 has-background-dim\"><\/span><div role=\"img\" class=\"wp-block-cover__image-background wp-image-467 has-parallax\" style=\"background-position:50% 50%;background-image:url(https:\/\/raluxsolar.com\/2023\/wp-content\/uploads\/2023\/12\/image.jpeg)\"><\/div><div class=\"wp-block-cover__inner-container is-layout-flow wp-block-cover-is-layout-flow\">\n<div style=\"height:25px\" aria-hidden=\"true\" class=\"wp-block-spacer\"><\/div>\n\n\n\n<div class=\"wp-block-media-text alignwide is-stacked-on-mobile is-vertically-aligned-center is-style-default proyect_slide slide_left has-nv-site-bg-color has-text-color has-link-color\"><figure class=\"wp-block-media-text__media\"><img loading=\"lazy\" decoding=\"async\" width=\"1024\" height=\"576\" src=\"https:\/\/raluxsolar.com\/2023\/wp-content\/uploads\/2023\/12\/Energia-solar-proyecto-ISA-medellin-colombia.jpg\" alt=\"\" class=\"wp-image-247 size-full\" srcset=\"https:\/\/raluxsolar.com\/2023\/wp-content\/uploads\/2023\/12\/Energia-solar-proyecto-ISA-medellin-colombia.jpg 1024w, https:\/\/raluxsolar.com\/2023\/wp-content\/uploads\/2023\/12\/Energia-solar-proyecto-ISA-medellin-colombia-300x169.jpg 300w, https:\/\/raluxsolar.com\/2023\/wp-content\/uploads\/2023\/12\/Energia-solar-proyecto-ISA-medellin-colombia-768x432.jpg 768w\" sizes=\"auto, (max-width: 1024px) 100vw, 1024px\" \/><\/figure><div class=\"wp-block-media-text__content\">\n<h2 class=\"wp-block-heading has-nv-site-bg-color has-text-color\"><strong>ISA Conexiones<\/strong><\/h2>\n\n\n\n<p><p class=\"has-nv-light-bg-color has-text-color\" style=\"font-size:17px;line-height:1.1\">MEDELL\u00cdN, COLOMBIA. 499KW<\/p><\/p>\n<\/div><\/div>\n\n\n\n<div class=\"wp-block-media-text alignwide is-stacked-on-mobile has-media-on-the-right is-vertically-aligned-center is-style-default proyect_slide slide_right has-nv-site-bg-color has-text-color has-link-color\"><figure class=\"wp-block-media-text__media\"><img loading=\"lazy\" decoding=\"async\" width=\"1024\" height=\"576\" src=\"https:\/\/raluxsolar.com\/2023\/wp-content\/uploads\/2023\/12\/Progetti_13_Oma_02-1024x576-1.jpg\" alt=\"\" class=\"wp-image-1216 size-full\" srcset=\"https:\/\/raluxsolar.com\/2023\/wp-content\/uploads\/2023\/12\/Progetti_13_Oma_02-1024x576-1.jpg 1024w, https:\/\/raluxsolar.com\/2023\/wp-content\/uploads\/2023\/12\/Progetti_13_Oma_02-1024x576-1-300x169.jpg 300w, https:\/\/raluxsolar.com\/2023\/wp-content\/uploads\/2023\/12\/Progetti_13_Oma_02-1024x576-1-768x432.jpg 768w\" sizes=\"auto, (max-width: 1024px) 100vw, 1024px\" \/><\/figure><div class=\"wp-block-media-text__content\">\n<h2 class=\"wp-block-heading has-text-align-right has-nv-site-bg-color has-text-color\"><strong>OMA<\/strong><\/h2>\n\n\n\n<p><p class=\"has-text-align-right has-nv-light-bg-color has-text-color\" style=\"font-size:17px;line-height:1.1\">MEXICO, MEXICO. 2.34MW<\/p><\/p>\n<\/div><\/div>\n\n\n\n<div class=\"wp-block-media-text alignwide is-stacked-on-mobile is-vertically-aligned-center is-style-default proyect_slide slide_left has-nv-site-bg-color has-text-color has-link-color\"><figure class=\"wp-block-media-text__media\"><img loading=\"lazy\" decoding=\"async\" width=\"1024\" height=\"576\" src=\"https:\/\/raluxsolar.com\/2023\/wp-content\/uploads\/2023\/12\/Progetti_06_Inox_02-1024x576-1.jpg\" alt=\"\" class=\"wp-image-1215 size-full\" srcset=\"https:\/\/raluxsolar.com\/2023\/wp-content\/uploads\/2023\/12\/Progetti_06_Inox_02-1024x576-1.jpg 1024w, https:\/\/raluxsolar.com\/2023\/wp-content\/uploads\/2023\/12\/Progetti_06_Inox_02-1024x576-1-300x169.jpg 300w, https:\/\/raluxsolar.com\/2023\/wp-content\/uploads\/2023\/12\/Progetti_06_Inox_02-1024x576-1-768x432.jpg 768w\" sizes=\"auto, (max-width: 1024px) 100vw, 1024px\" \/><\/figure><div class=\"wp-block-media-text__content\">\n<h2 class=\"wp-block-heading has-text-align-left has-nv-site-bg-color has-text-color\"><strong>INOX MARKET<\/strong><\/h2>\n\n\n\n<p><p class=\"has-nv-light-bg-color has-text-color\" style=\"font-size:17px;line-height:1.1\">QUER\u00c9TARO, MEXICO. 599KW<\/p><\/p>\n<\/div><\/div>\n\n\n\n<div class=\"wp-block-media-text alignwide is-stacked-on-mobile has-media-on-the-right is-vertically-aligned-center is-style-default proyect_slide slide_right has-link-color\"><figure class=\"wp-block-media-text__media\"><img loading=\"lazy\" decoding=\"async\" width=\"1024\" height=\"576\" src=\"https:\/\/raluxsolar.com\/2023\/wp-content\/uploads\/2023\/12\/monterrey-mexico-399KW.jpg\" alt=\"\" class=\"wp-image-248 size-full\" srcset=\"https:\/\/raluxsolar.com\/2023\/wp-content\/uploads\/2023\/12\/monterrey-mexico-399KW.jpg 1024w, https:\/\/raluxsolar.com\/2023\/wp-content\/uploads\/2023\/12\/monterrey-mexico-399KW-300x169.jpg 300w, https:\/\/raluxsolar.com\/2023\/wp-content\/uploads\/2023\/12\/monterrey-mexico-399KW-768x432.jpg 768w\" sizes=\"auto, (max-width: 1024px) 100vw, 1024px\" \/><\/figure><div class=\"wp-block-media-text__content\">\n<h2 class=\"wp-block-heading has-text-align-right has-nv-site-bg-color has-text-color\"><strong>OMPI<\/strong><\/h2>\n\n\n\n<p><p class=\"has-text-align-right has-nv-light-bg-color has-text-color\" style=\"font-size:17px;line-height:1.1\">MONTERREY, MEXICO. 399KW<\/p><\/p>\n<\/div><\/div>\n\n\n\n<div class=\"wp-block-media-text alignwide is-stacked-on-mobile is-vertically-aligned-center is-style-default proyect_slide slide_left has-nv-site-bg-color has-text-color has-link-color\"><figure class=\"wp-block-media-text__media\"><img loading=\"lazy\" decoding=\"async\" width=\"1024\" height=\"576\" src=\"https:\/\/raluxsolar.com\/2023\/wp-content\/uploads\/2023\/12\/Progetti_01_Coppel_02-1024x576-1.jpg\" alt=\"\" class=\"wp-image-1213 size-full\" srcset=\"https:\/\/raluxsolar.com\/2023\/wp-content\/uploads\/2023\/12\/Progetti_01_Coppel_02-1024x576-1.jpg 1024w, https:\/\/raluxsolar.com\/2023\/wp-content\/uploads\/2023\/12\/Progetti_01_Coppel_02-1024x576-1-300x169.jpg 300w, https:\/\/raluxsolar.com\/2023\/wp-content\/uploads\/2023\/12\/Progetti_01_Coppel_02-1024x576-1-768x432.jpg 768w\" sizes=\"auto, (max-width: 1024px) 100vw, 1024px\" \/><\/figure><div class=\"wp-block-media-text__content\">\n<h2 class=\"wp-block-heading has-text-align-left has-nv-site-bg-color has-text-color\"><strong>Coppel<\/strong><\/h2>\n\n\n\n<p><p class=\"has-nv-light-bg-color has-text-color\" style=\"font-size:17px;line-height:1.1\">CDMX, MEXICO. 400KW<\/p><\/p>\n<\/div><\/div>\n\n\n\n<div class=\"wp-block-media-text alignwide is-stacked-on-mobile has-media-on-the-right is-vertically-aligned-center is-style-default proyect_slide slide_right has-nv-site-bg-color has-text-color has-link-color\"><figure class=\"wp-block-media-text__media\"><img loading=\"lazy\" decoding=\"async\" width=\"1024\" height=\"576\" src=\"https:\/\/raluxsolar.com\/2023\/wp-content\/uploads\/2023\/12\/Progetti_18_ZonaFranca_02-1024x576-1.jpg\" alt=\"\" class=\"wp-image-1218 size-full\" srcset=\"https:\/\/raluxsolar.com\/2023\/wp-content\/uploads\/2023\/12\/Progetti_18_ZonaFranca_02-1024x576-1.jpg 1024w, https:\/\/raluxsolar.com\/2023\/wp-content\/uploads\/2023\/12\/Progetti_18_ZonaFranca_02-1024x576-1-300x169.jpg 300w, https:\/\/raluxsolar.com\/2023\/wp-content\/uploads\/2023\/12\/Progetti_18_ZonaFranca_02-1024x576-1-768x432.jpg 768w\" sizes=\"auto, (max-width: 1024px) 100vw, 1024px\" \/><\/figure><div class=\"wp-block-media-text__content\">\n<h2 class=\"wp-block-heading has-text-align-right has-nv-site-bg-color has-text-color\"><strong>Zona Franca<\/strong><\/h2>\n\n\n\n<p><p class=\"has-text-align-right has-nv-light-bg-color has-text-color\" style=\"font-size:17px;line-height:1.1\">CUNDINAMARCA, COLOMBIA. 1.8MW<\/p><\/p>\n<\/div><\/div>\n\n\n\n<div class=\"wp-block-media-text alignwide is-stacked-on-mobile is-vertically-aligned-center is-style-default proyect_slide slide_left has-nv-site-bg-color has-text-color has-link-color\"><figure class=\"wp-block-media-text__media\"><img loading=\"lazy\" decoding=\"async\" width=\"1024\" height=\"576\" src=\"https:\/\/raluxsolar.com\/2023\/wp-content\/uploads\/2023\/12\/Progetti_05_Fima_02-1024x576-1.jpg\" alt=\"\" class=\"wp-image-1217 size-full\" srcset=\"https:\/\/raluxsolar.com\/2023\/wp-content\/uploads\/2023\/12\/Progetti_05_Fima_02-1024x576-1.jpg 1024w, https:\/\/raluxsolar.com\/2023\/wp-content\/uploads\/2023\/12\/Progetti_05_Fima_02-1024x576-1-300x169.jpg 300w, https:\/\/raluxsolar.com\/2023\/wp-content\/uploads\/2023\/12\/Progetti_05_Fima_02-1024x576-1-768x432.jpg 768w\" sizes=\"auto, (max-width: 1024px) 100vw, 1024px\" \/><\/figure><div class=\"wp-block-media-text__content\">\n<h2 class=\"wp-block-heading has-text-align-left has-nv-site-bg-color has-text-color\"><strong>FIMA<\/strong><\/h2>\n\n\n\n<p><p class=\"has-nv-light-bg-color has-text-color\" style=\"font-size:17px;line-height:1.1\">MONTERREY, MEXICO. 599KW<\/p><\/p>\n<\/div><\/div>\n\n\n\n<div class=\"wp-block-media-text alignwide is-stacked-on-mobile has-media-on-the-right is-vertically-aligned-center is-style-default proyect_slide slide_right has-nv-site-bg-color has-text-color has-link-color\"><figure class=\"wp-block-media-text__media\"><img loading=\"lazy\" decoding=\"async\" width=\"1024\" height=\"576\" src=\"https:\/\/raluxsolar.com\/2023\/wp-content\/uploads\/2023\/12\/baja-california-mexico-599KW.jpg\" alt=\"\" class=\"wp-image-246 size-full\" srcset=\"https:\/\/raluxsolar.com\/2023\/wp-content\/uploads\/2023\/12\/baja-california-mexico-599KW.jpg 1024w, https:\/\/raluxsolar.com\/2023\/wp-content\/uploads\/2023\/12\/baja-california-mexico-599KW-300x169.jpg 300w, https:\/\/raluxsolar.com\/2023\/wp-content\/uploads\/2023\/12\/baja-california-mexico-599KW-768x432.jpg 768w\" sizes=\"auto, (max-width: 1024px) 100vw, 1024px\" \/><\/figure><div class=\"wp-block-media-text__content\">\n<h2 class=\"wp-block-heading has-text-align-right has-nv-site-bg-color has-text-color\"><strong>LA TOBA<\/strong><\/h2>\n\n\n\n<p><p class=\"has-text-align-right has-nv-light-bg-color has-text-color\" style=\"font-size:17px;line-height:1.1\">BAJA CALIFORNIA, MEXICO. 599KW<\/p><\/p>\n<\/div><\/div>\n\n\n\n<div class=\"wp-block-media-text alignwide is-stacked-on-mobile is-vertically-aligned-center is-style-default proyect_slide slide_left has-nv-site-bg-color has-text-color has-link-color\"><figure class=\"wp-block-media-text__media\"><img loading=\"lazy\" decoding=\"async\" width=\"1024\" height=\"576\" src=\"https:\/\/raluxsolar.com\/2023\/wp-content\/uploads\/2024\/01\/Progetti_14_PlazaCentral_02-1024x576-1.jpg\" alt=\"\" class=\"wp-image-1512 size-full\" srcset=\"https:\/\/raluxsolar.com\/2023\/wp-content\/uploads\/2024\/01\/Progetti_14_PlazaCentral_02-1024x576-1.jpg 1024w, https:\/\/raluxsolar.com\/2023\/wp-content\/uploads\/2024\/01\/Progetti_14_PlazaCentral_02-1024x576-1-300x169.jpg 300w, https:\/\/raluxsolar.com\/2023\/wp-content\/uploads\/2024\/01\/Progetti_14_PlazaCentral_02-1024x576-1-768x432.jpg 768w\" sizes=\"auto, (max-width: 1024px) 100vw, 1024px\" \/><\/figure><div class=\"wp-block-media-text__content\">\n<h2 class=\"wp-block-heading has-text-align-left has-nv-site-bg-color has-text-color\"><strong>PLAZA CENTRAL<\/strong><\/h2>\n\n\n\n<p><p class=\"has-nv-light-bg-color has-text-color\" style=\"font-size:17px;line-height:1.1\">BOGOT\u00c1, COLOMBIA. 493KW<\/p><\/p>\n<\/div><\/div>\n\n\n\n<div class=\"wp-block-media-text alignwide is-stacked-on-mobile has-media-on-the-right is-vertically-aligned-center is-style-default proyect_slide slide_right has-nv-site-bg-color has-text-color has-link-color\"><figure class=\"wp-block-media-text__media\"><img loading=\"lazy\" decoding=\"async\" width=\"1024\" height=\"576\" src=\"https:\/\/raluxsolar.com\/2023\/wp-content\/uploads\/2023\/12\/Progetti_16_Lego_02-1024x576-1.jpg\" alt=\"\" class=\"wp-image-1214 size-full\" srcset=\"https:\/\/raluxsolar.com\/2023\/wp-content\/uploads\/2023\/12\/Progetti_16_Lego_02-1024x576-1.jpg 1024w, https:\/\/raluxsolar.com\/2023\/wp-content\/uploads\/2023\/12\/Progetti_16_Lego_02-1024x576-1-300x169.jpg 300w, https:\/\/raluxsolar.com\/2023\/wp-content\/uploads\/2023\/12\/Progetti_16_Lego_02-1024x576-1-768x432.jpg 768w\" sizes=\"auto, (max-width: 1024px) 100vw, 1024px\" \/><\/figure><div class=\"wp-block-media-text__content\">\n<h2 class=\"wp-block-heading has-text-align-right has-nv-site-bg-color has-text-color\"><strong>LEGO<\/strong><\/h2>\n\n\n\n<p><p class=\"has-text-align-right has-nv-light-bg-color has-text-color\" style=\"font-size:17px;line-height:1.1\">MONTERREY, MEXICO. 599KW<\/p><\/p>\n<\/div><\/div>\n\n\n\n<div class=\"wp-block-media-text alignwide is-stacked-on-mobile is-vertically-aligned-center is-style-default proyect_slide slide_left has-nv-site-bg-color has-text-color has-link-color\"><figure class=\"wp-block-media-text__media\"><img loading=\"lazy\" decoding=\"async\" width=\"1024\" height=\"576\" src=\"https:\/\/raluxsolar.com\/2023\/wp-content\/uploads\/2024\/01\/Progetti_17_MiniPet_02-1024x576-1.jpg\" alt=\"\" class=\"wp-image-1514 size-full\" srcset=\"https:\/\/raluxsolar.com\/2023\/wp-content\/uploads\/2024\/01\/Progetti_17_MiniPet_02-1024x576-1.jpg 1024w, https:\/\/raluxsolar.com\/2023\/wp-content\/uploads\/2024\/01\/Progetti_17_MiniPet_02-1024x576-1-300x169.jpg 300w, https:\/\/raluxsolar.com\/2023\/wp-content\/uploads\/2024\/01\/Progetti_17_MiniPet_02-1024x576-1-768x432.jpg 768w\" sizes=\"auto, (max-width: 1024px) 100vw, 1024px\" \/><\/figure><div class=\"wp-block-media-text__content\">\n<h2 class=\"wp-block-heading has-text-align-left has-nv-site-bg-color has-text-color\"><strong>MINI PET INDUSTRY<\/strong><\/h2>\n\n\n\n<p><p class=\"has-nv-light-bg-color has-text-color\" style=\"font-size:17px;line-height:1.1\">GIRARDOTA, COLOMBIA. 349KW<\/p><\/p>\n<\/div><\/div>\n<\/div><\/div>\n","protected":false},"excerpt":{"rendered":"<p>Cada instalaci\u00f3n es un testimonio de nuestro compromiso con la excelencia y la optimizaci\u00f3n de la energ\u00eda solar para un futuro sostenible, conoce algunos de nuestros proyectos estructurales en funcionamiento y su aporte energ\u00e9tico generado.<\/p>\n","protected":false},"author":1,"featured_media":1641,"parent":0,"menu_order":0,"comment_status":"closed","ping_status":"closed","template":"","meta":{"_editorskit_title_hidden":false,"_editorskit_reading_time":0,"_editorskit_is_block_options_detached":false,"_editorskit_block_options_position":"{}","_coblocks_attr":"","_coblocks_dimensions":"","_coblocks_responsive_height":"","_coblocks_accordion_ie_support":"","neve_meta_sidebar":"","neve_meta_container":"","neve_meta_enable_content_width":"","neve_meta_content_width":0,"neve_meta_title_alignment":"","neve_meta_author_avatar":"","neve_post_elements_order":"","neve_meta_disable_header":"","neve_meta_disable_footer":"","neve_meta_disable_title":"on","neve_meta_reading_time":"","footnotes":""},"class_list":["post-163","page","type-page","status-publish","has-post-thumbnail","hentry"],"_links":{"self":[{"href":"https:\/\/raluxsolar.com\/2023\/es\/wp-json\/wp\/v2\/pages\/163","targetHints":{"allow":["GET"]}}],"collection":[{"href":"https:\/\/raluxsolar.com\/2023\/es\/wp-json\/wp\/v2\/pages"}],"about":[{"href":"https:\/\/raluxsolar.com\/2023\/es\/wp-json\/wp\/v2\/types\/page"}],"author":[{"embeddable":true,"href":"https:\/\/raluxsolar.com\/2023\/es\/wp-json\/wp\/v2\/users\/1"}],"replies":[{"embeddable":true,"href":"https:\/\/raluxsolar.com\/2023\/es\/wp-json\/wp\/v2\/comments?post=163"}],"version-history":[{"count":74,"href":"https:\/\/raluxsolar.com\/2023\/es\/wp-json\/wp\/v2\/pages\/163\/revisions"}],"predecessor-version":[{"id":3540,"href":"https:\/\/raluxsolar.com\/2023\/es\/wp-json\/wp\/v2\/pages\/163\/revisions\/3540"}],"wp:featuredmedia":[{"embeddable":true,"href":"https:\/\/raluxsolar.com\/2023\/es\/wp-json\/wp\/v2\/media\/1641"}],"wp:attachment":[{"href":"https:\/\/raluxsolar.com\/2023\/es\/wp-json\/wp\/v2\/media?parent=163"}],"curies":[{"name":"wp","href":"https:\/\/api.w.org\/{rel}","templated":true}]}}